{"id":264,"date":"2021-10-25T13:57:21","date_gmt":"2021-10-25T13:57:21","guid":{"rendered":"https:\/\/members.ift.uam-csic.es\/jose.barbon\/?page_id=264"},"modified":"2022-02-21T11:34:46","modified_gmt":"2022-02-21T11:34:46","slug":"outreach","status":"publish","type":"page","link":"https:\/\/members.ift.uam-csic.es\/jose.barbon\/outreach\/","title":{"rendered":"Outreach"},"content":{"rendered":"\n<figure class=\"wp-block-image size-large\"><a href=\"https:\/\/www.youtube.com\/watch?v=kq0g4xvynVI&amp;t=3265s\"><img loading=\"lazy\" decoding=\"async\" width=\"1024\" height=\"576\" src=\"https:\/\/members.ift.uam-csic.es\/jose.barbon\/wp-content\/uploads\/2022\/02\/kq0g4xvynVI_1280x720-1024x576.jpg\" alt=\"\" class=\"wp-image-901\" srcset=\"https:\/\/members.ift.uam-csic.es\/jose.barbon\/wp-content\/uploads\/2022\/02\/kq0g4xvynVI_1280x720-1024x576.jpg 1024w, https:\/\/members.ift.uam-csic.es\/jose.barbon\/wp-content\/uploads\/2022\/02\/kq0g4xvynVI_1280x720-300x169.jpg 300w, https:\/\/members.ift.uam-csic.es\/jose.barbon\/wp-content\/uploads\/2022\/02\/kq0g4xvynVI_1280x720-768x432.jpg 768w, https:\/\/members.ift.uam-csic.es\/jose.barbon\/wp-content\/uploads\/2022\/02\/kq0g4xvynVI_1280x720.jpg 1280w\" sizes=\"auto, (max-width: 1024px) 100vw, 1024px\" \/><\/a><\/figure>\n\n\n\n<h4 class=\"wp-block-heading\" id=\"el-fin-del-espacio-tiempo\">El fin del espacio-tiempo<\/h4>\n\n\n\n<p class=\"has-medium-font-size\">El espacio-tiempo de Einstein es uno de los pilares de la f\u00edsica fundamental. \u00bfCu\u00e1l es el problema?<\/p>\n\n\n\n<div style=\"height:47px\" aria-hidden=\"true\" class=\"wp-block-spacer\"><\/div>\n\n\n\n<hr class=\"wp-block-separator is-style-wide\"\/>\n\n\n\n<div style=\"height:47px\" aria-hidden=\"true\" class=\"wp-block-spacer\"><\/div>\n\n\n\n<h4 class=\"wp-block-heading\" id=\"s-a-4\"><a href=\"https:\/\/elpais.com\/elpais\/2018\/03\/14\/ciencia\/1521021288_534949.html\">S = A\/4<\/a><\/h4>\n\n\n\n<h4 class=\"has-medium-font-size wp-block-heading\" id=\"i-c-2004\">El Pa\u00eds, 2018<\/h4>\n\n\n\n<div style=\"height:9px\" aria-hidden=\"true\" class=\"wp-block-spacer\"><\/div>\n\n\n\n<h4 class=\"wp-block-heading\" id=\"que-sabemos-de-los-agujeros-negros\"><a href=\"https:\/\/www.csic.es\/es\/ciencia-y-sociedad\/libros-de-divulgacion\/coleccion-que-sabemos-de\/los-agujeros-negros\">\u00bfQu\u00e9 sabemos de los agujeros negros?<\/a><\/h4>\n\n\n\n<h4 class=\"has-medium-font-size wp-block-heading\" id=\"libros-de-la-catarata-2014\">Libros de la Catarata, 2014<\/h4>\n\n\n\n<div style=\"height:9px\" aria-hidden=\"true\" class=\"wp-block-spacer\"><\/div>\n\n\n\n<h4 class=\"wp-block-heading\" id=\"principio-antropico\"><a href=\"https:\/\/members.ift.uam-csic.es\/jose.barbon\/wp-content\/uploads\/2021\/11\/revista_libros_barbon.pdf\">Principio antr\u00f3pico<\/a><\/h4>\n\n\n\n<h4 class=\"has-medium-font-size wp-block-heading\" id=\"revista-de-libros-2006\">Revista de libros, 2006<\/h4>\n\n\n\n<div style=\"height:9px\" aria-hidden=\"true\" class=\"wp-block-spacer\"><\/div>\n\n\n\n<h4 class=\"wp-block-heading\" id=\"geometria-no-conmutativa-y-espacio-tiempo-cuantico\"><a href=\"https:\/\/members.ift.uam-csic.es\/jose.barbon\/wp-content\/uploads\/2021\/11\/ICBarbon.pdf\">Geometr\u00eda no conmutativa y espacio-tiempo cu\u00e1ntico<\/a><\/h4>\n\n\n\n<h4 class=\"has-medium-font-size wp-block-heading\" id=\"i-c-2004\">Investigaci\u00f3n y Ciencia, 2004<\/h4>\n","protected":false},"excerpt":{"rendered":"<p>El fin del espacio-tiempo El espacio-tiempo de Einstein es uno de los pilares de la f\u00edsica fundamental. \u00bfCu\u00e1l es el problema? S = A\/4 El Pa\u00eds, 2018 \u00bfQu\u00e9 sabemos de los agujeros negros? Libros de la Catarata, 2014 Principio antr\u00f3pico Revista de libros, 2006 Geometr\u00eda no conmutativa y espacio-tiempo cu\u00e1ntico Investigaci\u00f3n y Ciencia, 2004<\/p>\n","protected":false},"author":1,"featured_media":0,"parent":0,"menu_order":0,"comment_status":"closed","ping_status":"closed","template":"page-no-separators","meta":{"footnotes":""},"class_list":["post-264","page","type-page","status-publish","hentry"],"_links":{"self":[{"href":"https:\/\/members.ift.uam-csic.es\/jose.barbon\/wp-json\/wp\/v2\/pages\/264","targetHints":{"allow":["GET"]}}],"collection":[{"href":"https:\/\/members.ift.uam-csic.es\/jose.barbon\/wp-json\/wp\/v2\/pages"}],"about":[{"href":"https:\/\/members.ift.uam-csic.es\/jose.barbon\/wp-json\/wp\/v2\/types\/page"}],"author":[{"embeddable":true,"href":"https:\/\/members.ift.uam-csic.es\/jose.barbon\/wp-json\/wp\/v2\/users\/1"}],"replies":[{"embeddable":true,"href":"https:\/\/members.ift.uam-csic.es\/jose.barbon\/wp-json\/wp\/v2\/comments?post=264"}],"version-history":[{"count":142,"href":"https:\/\/members.ift.uam-csic.es\/jose.barbon\/wp-json\/wp\/v2\/pages\/264\/revisions"}],"predecessor-version":[{"id":946,"href":"https:\/\/members.ift.uam-csic.es\/jose.barbon\/wp-json\/wp\/v2\/pages\/264\/revisions\/946"}],"wp:attachment":[{"href":"https:\/\/members.ift.uam-csic.es\/jose.barbon\/wp-json\/wp\/v2\/media?parent=264"}],"curies":[{"name":"wp","href":"https:\/\/api.w.org\/{rel}","templated":true}]}}