{"id":7980,"date":"2024-11-05T11:23:59","date_gmt":"2024-11-05T11:23:59","guid":{"rendered":"https:\/\/members.ift.uam-csic.es\/ed\/?post_type=tribe_events&#038;p=7980"},"modified":"2024-11-07T08:19:47","modified_gmt":"2024-11-07T08:19:47","slug":"los-senderos-de-la-fisica-fundamental","status":"publish","type":"tribe_events","link":"https:\/\/members.ift.uam-csic.es\/ed\/event\/los-senderos-de-la-fisica-fundamental\/","title":{"rendered":"Los Senderos de la F\u00edsica Fundamental"},"content":{"rendered":"<div class=\"tribe-events-schedule tribe-clearfix\">\n\t<h2 class=\"tribe-events-schedule__datetime\">\n\t\t<span class=\"tribe-events-schedule__date tribe-events-schedule__date--start\">\n\t\t\tNovember 14, 2024\t\t<\/span>\n\n\t\t\t\t\t<span class=\"tribe-events-schedule__separator tribe-events-schedule__separator--date\">\n\t\t\t\t @ \t\t\t<\/span>\n\t\t\t<span class=\"tribe-events-schedule__time tribe-events-schedule__time--start\">\n\t\t\t\t18:00\t\t\t<\/span>\n\t\t\n\t\t\t\t\t\t\t\t\t<span class=\"tribe-events-schedule__separator tribe-events-schedule__separator--time\">\n\t\t\t\t\t &#8211; \t\t\t\t<\/span>\n\t\t\t\n\t\t\t\t\t\t\t<span class=\"tribe-events-schedule__time tribe-events-schedule__time--end\">\n\t\t\t\t\t20:30\t\t\t\t<\/span>\n\t\t\t\n\t\t\t\t\t\t<\/h2>\n<\/div>\n\n\n\n<figure class=\"wp-block-image size-large\"><img loading=\"lazy\" decoding=\"async\" width=\"1024\" height=\"614\" src=\"https:\/\/members.ift.uam-csic.es\/ed\/wp-content\/uploads\/2024\/11\/Los-senderos-de-la-fisica-fundamental-2-2-e1730807177336-1024x614.jpg\" alt=\"\" class=\"wp-image-7989\" srcset=\"https:\/\/members.ift.uam-csic.es\/ed\/wp-content\/uploads\/2024\/11\/Los-senderos-de-la-fisica-fundamental-2-2-e1730807177336-1024x614.jpg 1024w, https:\/\/members.ift.uam-csic.es\/ed\/wp-content\/uploads\/2024\/11\/Los-senderos-de-la-fisica-fundamental-2-2-e1730807177336-300x180.jpg 300w, https:\/\/members.ift.uam-csic.es\/ed\/wp-content\/uploads\/2024\/11\/Los-senderos-de-la-fisica-fundamental-2-2-e1730807177336-768x461.jpg 768w, https:\/\/members.ift.uam-csic.es\/ed\/wp-content\/uploads\/2024\/11\/Los-senderos-de-la-fisica-fundamental-2-2-e1730807177336-500x300.jpg 500w, https:\/\/members.ift.uam-csic.es\/ed\/wp-content\/uploads\/2024\/11\/Los-senderos-de-la-fisica-fundamental-2-2-e1730807177336-800x480.jpg 800w, https:\/\/members.ift.uam-csic.es\/ed\/wp-content\/uploads\/2024\/11\/Los-senderos-de-la-fisica-fundamental-2-2-e1730807177336-1280x768.jpg 1280w, https:\/\/members.ift.uam-csic.es\/ed\/wp-content\/uploads\/2024\/11\/Los-senderos-de-la-fisica-fundamental-2-2-e1730807177336-1200x720.jpg 1200w, https:\/\/members.ift.uam-csic.es\/ed\/wp-content\/uploads\/2024\/11\/Los-senderos-de-la-fisica-fundamental-2-2-e1730807177336.jpg 1490w\" sizes=\"auto, (max-width: 1024px) 100vw, 1024px\" \/><\/figure>\n\n\n\n<p><\/p>\n\n\n\n<ul class=\"wp-block-list\"><li><strong>El IFT vuelve a la Residencia de Estudiantes un a\u00f1o m\u00e1s en la Semana de la Ciencia.<\/strong><\/li><\/ul>\n\n\n\n<p>La programaci\u00f3n del 14 de noviembre incluye charlas a cargo de Rosa Mar\u00eda Sand\u00e1 y Juan Antonio Aguilar, investigadores del IFT.<\/p>\n\n\n\n<p>El acceso es libre y gratuito y no requiere ning\u00fan registro. En el sal\u00f3n de actos de la&nbsp;<a href=\"https:\/\/www.ift.uam-csic.es\/es\/news\/C.%20del%20Pinar,%2021-23,%20Chamart%C3%ADn,%2028006%20Madrid\">Residencia de Estudiantes (Calle Pinar 23, Madrid)<\/a>.<\/p>\n\n\n\n<h4 class=\"wp-block-heading\">Programaci\u00f3n<\/h4>\n\n\n\n<h5 class=\"wp-block-heading\">14 de noviembre<\/h5>\n\n\n\n<ul class=\"wp-block-list\"><li><strong>A las 18:00h<\/strong><\/li><\/ul>\n\n\n\n<p><strong><em>Buscando agujas en un pajar cu\u00e1ntico: \u2018Machine Learning en el LHC\u2019<\/em><\/strong><em>,<\/em>&nbsp;por Rosa Mar\u00eda Sand\u00e1, investigadora en el IFT.<\/p>\n\n\n\n<p>En esta charla, Rosa Sand\u00e1 Seoane explora c\u00f3mo el aprendizaje autom\u00e1tico (machine learning) ha transformado nuestra capacidad para detectar y estudiar part\u00edculas subat\u00f3micas en el LHC, permitiendo extraer informaci\u00f3n valiosa de un volumen masivo de datos y mejorar la precisi\u00f3n de los experimentos. Mediante el an\u00e1lisis de billones de colisiones subat\u00f3micas, el LHC se embarca en la misi\u00f3n de desentra\u00f1ar los misterios de la f\u00edsica fundamental. En este vasto oc\u00e9ano de datos, la inteligencia artificial se erige como la mejor aliada para identificar se\u00f1ales de part\u00edculas esquivas, como el bos\u00f3n de Higgs, y explorar las profundidades del universo cu\u00e1ntico. Rosa presentar\u00e1 ejemplos concretos de c\u00f3mo estas t\u00e9cnicas han sido cruciales para descubrimientos emblem\u00e1ticos, as\u00ed como su aplicaci\u00f3n actual en la b\u00fasqueda de se\u00f1ales de nueva f\u00edsica m\u00e1s all\u00e1 del Modelo Est\u00e1ndar, adem\u00e1s de los desaf\u00edos y oportunidades que presentan estas herramientas en la exploraci\u00f3n de un universo a\u00fan desconocido.<\/p>\n\n\n\n<ul class=\"wp-block-list\"><li><strong>A las 19:30h<\/strong><\/li><\/ul>\n\n\n\n<p><strong><em>El entrelazamiento cu\u00e1ntico y el tiempo: \u00bfse puede reescribir el pasado?<\/em><\/strong>, por Juan Antonio Aguilar, investigador del IFT.<\/p>\n\n\n\n<p>En esta charla se explora desde el punto de vista de la mec\u00e1nica cu\u00e1ntica, una de las preguntas m\u00e1s intrigantes y filos\u00f3ficas: \u00bfes posible reescribir el pasado? Las part\u00edculas entrelazadas parecen compartir informaci\u00f3n instant\u00e1neamente, sin importar la distancia que las separa, un fen\u00f3meno que desaf\u00eda nuestra comprensi\u00f3n desde que Einstein, Podolsky y Rosen propusieran su famosa paradoja.<\/p>\n\n\n\n<h4 class=\"wp-block-heading\">Un ciclo de charlas legendario<\/h4>\n\n\n\n<p>Con m\u00e1s de una d\u00e9cada de trayectoria, el ciclo de charlas de f\u00edsica fundamental del IFT y la Residencia es ya una instituci\u00f3n en divulgaci\u00f3n cient\u00edfica. Cada a\u00f1o, el ciclo re\u00fane a decenas de personas en el auditorio del hist\u00f3rico edificio de la Colina de los Chopos. Adem\u00e1s, las conferencias pueden revisionarse en v\u00eddeo en el canal de YouTube del IFT.<\/p>\n\n\n\n<div style=\"height:44px\" aria-hidden=\"true\" class=\"wp-block-spacer\"><\/div>\n\n\n\n<p><strong>Entrada libre hasta completar aforo<\/strong>.<\/p>\n\n\n\n<p><strong>Tambi\u00e9n puedes seguirlo en directo en&nbsp;<\/strong><a href=\"http:\/\/www.edaddeplata.org\">www.edaddeplata.org<\/a>.<\/p>\n\n\n<div class=\"tribe-block tribe-block__event-price\">\n\t\t<\/div>\n\n\n<div class=\"tribe-block tribe-block__organizer__details tribe-clearfix\">\n\t<div class=\"tribe-block__organizer__title\">\n\t\t<h3>Instituto de F\u00edsica Te\u00f3rica &#038; Residencia de Estudiantes<\/h3>\n\t<\/div>\n\t\t\t<\/div>\n\n\n<div class=\"tribe-block tribe-block__venue tribe-block__venue--has-map\">\n\t\n\t\n<div class=\"tribe-block__venue__meta\">\n\t<div class=\"tribe-block__venue__name\">\n\t\t<h3>Residencia de Estudiantes CSIC<\/h3>\n\t<\/div>\n\n\t\n\t\t\t<address class=\"tribe-block__venue__address\">\n\t\t\t<span class=\"tribe-address\">\n\n<span class=\"tribe-street-address\">Calle del Pinar, 21-23<\/span>\n\t\n\t\t<br>\n\t\t<span class=\"tribe-locality\">Madrid<\/span><span class=\"tribe-delimiter\">,<\/span>\n\n\n\n\t<span class=\"tribe-country-name\">Spain<\/span>\n\n<\/span>\n\n\t\t\t\t\t\t\t<a class=\"tribe-events-gmap\" href=\"https:\/\/maps.google.com\/maps?f=q&#038;source=s_q&#038;hl=en&#038;geocode=&#038;q=Calle+del+Pinar%2C+21-23+Madrid+Spain\" title=\"Click to view a Google Map\" target=\"_blank\" rel=\"noreferrer noopener\">+ Google Map<\/a>\t\t\t\t\t<\/address>\n\t\n\t\n\t\t\t<span class=\"tribe-block__venue__website\"><a href=\"http:\/\/www.residencia.csic.es\/\" target=\"_self\" rel=\"external\">View Venue Website<\/a><\/span><br \/>\n\t\n\t<\/div>\n\t\n<div class=\"tribe-block__venue__map\">\n\t\n<iframe loading=\"lazy\"\n  width=\"100%\"\n  height=\"350px\"\n  frameborder=\"0\" style=\"border:0\"\n  src=\"https:\/\/www.google.com\/maps\/embed\/v1\/place?key=AIzaSyDNsicAsP6-VuGtAb1O9riI3oc_NOb7IOU&#038;q=Calle+del+Pinar%2C+21-23+Madrid+Spain+\" allowfullscreen>\n<\/iframe><\/div>\n\n\t<\/div>\n\n\n\n\n<div class=\"tribe-block tribe-block__events-link\">\n\n\t\t\t<div class=\"tribe-block__btn--link tribe-block__events-gcal\">\n\t\t\t<a\n\t\t\t\thref=\"https:\/\/www.google.com\/calendar\/event?action=TEMPLATE&#038;dates=20241114T180000\/20241114T203000&#038;text=Los%20Senderos%20de%20la%20F%C3%ADsica%20Fundamental&#038;location=Residencia%20de%20Estudiantes%20CSIC,%20Calle%20del%20Pinar,%2021-23,%20Madrid,%20Spain&#038;trp=false&#038;ctz=UTC+0&#038;sprop=website:https:\/\/members.ift.uam-csic.es\/ed\"\n\t\t\t\ttarget=\"_blank\"\n\t\t\t\trel=\"noopener noreferrer nofollow\"\n\t\t\t\ttitle=\"Add to Google Calendar\"\n\t\t\t>\n\t\t\t\t<img decoding=\"async\" src=\"https:\/\/members.ift.uam-csic.es\/ed\/wp-content\/plugins\/the-events-calendar\/common\/src\/modules\/icons\/link.svg\" \/>\n\t\t\t\tAdd to Google Calendar\t\t\t<\/a>\n\t\t<\/div>\n\t\n\t\t\t<div class=\"tribe-block__btn--link tribe-block__events-ical\">\n\t\t\t<a\n\t\t\t\thref=\"https:\/\/members.ift.uam-csic.es\/ed\/event\/los-senderos-de-la-fisica-fundamental\/?ical=1\"\n\t\t\t\trel=\"noopener noreferrer nofollow\"\n\t\t\t\ttitle=\"Add to iCalendar\"\n\t\t\t>\n\t\t\t\t<img decoding=\"async\" src=\"https:\/\/members.ift.uam-csic.es\/ed\/wp-content\/plugins\/the-events-calendar\/common\/src\/modules\/icons\/link.svg\" \/>\n\t\t\t\tAdd to iCalendar\t\t\t<\/a>\n\t\t<\/div>\n\t\n<\/div>\n\n","protected":false},"excerpt":{"rendered":"<p>El IFT vuelve a la Residencia de Estudiantes un a\u00f1o m\u00e1s en la Semana de la Ciencia. La programaci\u00f3n del 14 de noviembre incluye charlas a cargo de Rosa Mar\u00eda [&hellip;]<\/p>\n","protected":false},"author":1,"featured_media":7989,"comment_status":"closed","ping_status":"closed","template":"","meta":{"_EventAllDay":false,"_EventTimezone":"UTC+0","_EventStartDate":"2024-11-14 18:00:00","_EventEndDate":"2024-11-14 20:30:00","_EventStartDateUTC":"2024-11-14 18:00:00","_EventEndDateUTC":"2024-11-14 20:30:00","_EventShowMap":true,"_EventShowMapLink":true,"_EventURL":"","_EventCost":"","_EventCostDescription":"","_EventCurrencySymbol":"$","_EventCurrencyPosition":"prefix","_EventDateTimeSeparator":" @ ","_EventTimeRangeSeparator":" - ","_EventOrganizerID":[],"_EventVenueID":6019,"_OrganizerEmail":"","_OrganizerPhone":"","_OrganizerWebsite":"","_VenueAddress":"","_VenueCity":"","_VenueCountry":"","_VenueProvince":"","_VenueZip":"","_VenuePhone":"","_VenueURL":"","_VenueStateProvince":"","_VenueLat":"","_VenueLng":"","_tribe_events_status":"","_tribe_events_status_reason":"","footnotes":""},"tags":[],"tribe_events_cat":[],"class_list":["post-7980","tribe_events","type-tribe_events","status-publish","has-post-thumbnail","hentry"],"_links":{"self":[{"href":"https:\/\/members.ift.uam-csic.es\/ed\/wp-json\/wp\/v2\/tribe_events\/7980","targetHints":{"allow":["GET"]}}],"collection":[{"href":"https:\/\/members.ift.uam-csic.es\/ed\/wp-json\/wp\/v2\/tribe_events"}],"about":[{"href":"https:\/\/members.ift.uam-csic.es\/ed\/wp-json\/wp\/v2\/types\/tribe_events"}],"author":[{"embeddable":true,"href":"https:\/\/members.ift.uam-csic.es\/ed\/wp-json\/wp\/v2\/users\/1"}],"replies":[{"embeddable":true,"href":"https:\/\/members.ift.uam-csic.es\/ed\/wp-json\/wp\/v2\/comments?post=7980"}],"version-history":[{"count":7,"href":"https:\/\/members.ift.uam-csic.es\/ed\/wp-json\/wp\/v2\/tribe_events\/7980\/revisions"}],"predecessor-version":[{"id":8010,"href":"https:\/\/members.ift.uam-csic.es\/ed\/wp-json\/wp\/v2\/tribe_events\/7980\/revisions\/8010"}],"wp:featuredmedia":[{"embeddable":true,"href":"https:\/\/members.ift.uam-csic.es\/ed\/wp-json\/wp\/v2\/media\/7989"}],"wp:attachment":[{"href":"https:\/\/members.ift.uam-csic.es\/ed\/wp-json\/wp\/v2\/media?parent=7980"}],"wp:term":[{"taxonomy":"post_tag","embeddable":true,"href":"https:\/\/members.ift.uam-csic.es\/ed\/wp-json\/wp\/v2\/tags?post=7980"},{"taxonomy":"tribe_events_cat","embeddable":true,"href":"https:\/\/members.ift.uam-csic.es\/ed\/wp-json\/wp\/v2\/tribe_events_cat?post=7980"}],"curies":[{"name":"wp","href":"https:\/\/api.w.org\/{rel}","templated":true}]}}