{"id":6514,"date":"2023-10-27T13:30:46","date_gmt":"2023-10-27T13:30:46","guid":{"rendered":"https:\/\/members.ift.uam-csic.es\/ed\/?post_type=tribe_events&#038;p=6514"},"modified":"2023-10-31T11:08:27","modified_gmt":"2023-10-31T11:08:27","slug":"ciclo-de-charlas-la-nueva-era-de-la-fisica-fundamental","status":"publish","type":"tribe_events","link":"https:\/\/members.ift.uam-csic.es\/ed\/event\/ciclo-de-charlas-la-nueva-era-de-la-fisica-fundamental\/","title":{"rendered":"Ciclo de charlas: &#8216;La nueva era de la F\u00edsica Fundamental&#8217;"},"content":{"rendered":"<div class=\"tribe-events-schedule tribe-clearfix\">\n\t<h2 class=\"tribe-events-schedule__datetime\">\n\t\t<span class=\"tribe-events-schedule__date tribe-events-schedule__date--start\">\n\t\t\tNovember 7, 2023\t\t<\/span>\n\n\t\t\t\t\t<span class=\"tribe-events-schedule__separator tribe-events-schedule__separator--date\">\n\t\t\t\t @ \t\t\t<\/span>\n\t\t\t<span class=\"tribe-events-schedule__time tribe-events-schedule__time--start\">\n\t\t\t\t18:00\t\t\t<\/span>\n\t\t\n\t\t\t\t\t\t\t\t\t<span class=\"tribe-events-schedule__separator tribe-events-schedule__separator--time\">\n\t\t\t\t\t &#8211; \t\t\t\t<\/span>\n\t\t\t\n\t\t\t\t\t\t\t<span class=\"tribe-events-schedule__date tribe-events-schedule__date--end\">\n\t\t\t\t\tNovember 17, 2023\t\t\t\t<\/span>\n\n\t\t\t\t\t\t\t\t\t<span class=\"tribe-events-schedule__separator tribe-events-schedule__separator--date\">\n\t\t\t\t\t\t @ \t\t\t\t\t<\/span>\n\t\t\t\t\t<span class=\"tribe-events-schedule__time tribe-events-schedule__time--end\">\n\t\t\t\t\t\t18:00\t\t\t\t\t<\/span>\n\t\t\t\t\n\t\t\t\n\t\t\t\t\t\t<\/h2>\n<\/div>\n\n\n<div class=\"tribe-events-event-image\"><img loading=\"lazy\" decoding=\"async\" width=\"1390\" height=\"713\" src=\"https:\/\/members.ift.uam-csic.es\/ed\/wp-content\/uploads\/2023\/10\/posts_edi.001-1.jpeg\" class=\"attachment-full size-full wp-post-image\" alt=\"\" srcset=\"https:\/\/members.ift.uam-csic.es\/ed\/wp-content\/uploads\/2023\/10\/posts_edi.001-1.jpeg 1390w, https:\/\/members.ift.uam-csic.es\/ed\/wp-content\/uploads\/2023\/10\/posts_edi.001-1-300x154.jpeg 300w, https:\/\/members.ift.uam-csic.es\/ed\/wp-content\/uploads\/2023\/10\/posts_edi.001-1-1024x525.jpeg 1024w, https:\/\/members.ift.uam-csic.es\/ed\/wp-content\/uploads\/2023\/10\/posts_edi.001-1-768x394.jpeg 768w, https:\/\/members.ift.uam-csic.es\/ed\/wp-content\/uploads\/2023\/10\/posts_edi.001-1-500x256.jpeg 500w, https:\/\/members.ift.uam-csic.es\/ed\/wp-content\/uploads\/2023\/10\/posts_edi.001-1-800x410.jpeg 800w, https:\/\/members.ift.uam-csic.es\/ed\/wp-content\/uploads\/2023\/10\/posts_edi.001-1-1280x657.jpeg 1280w, https:\/\/members.ift.uam-csic.es\/ed\/wp-content\/uploads\/2023\/10\/posts_edi.001-1-1200x616.jpeg 1200w\" sizes=\"auto, (max-width: 1390px) 100vw, 1390px\" \/><\/div>\n\n\n<p><strong>El Instituto de F\u00edsica Te\u00f3rica UAM\/CSIC ofrece un a\u00f1o m\u00e1s su programa de charlas de divulgaci\u00f3n en el entorno de la Residencia de Estudiantes de Madrid.<\/strong><\/p>\n\n\n\n<p>Con motivo de la&nbsp;<a href=\"https:\/\/www.semanadelaciencia.csic.es\/\">Semana de la Ciencia del CSIC<\/a>, la Residencia de Estudiantes acoge un a\u00f1o m\u00e1s el ciclo de charlas sobre F\u00edsica Fundamental ofrecido por el Instituto de F\u00edsica Te\u00f3rica UAM\/CSIC. El ciclo, que cumple este a\u00f1o una d\u00e9cada, es ya una tradici\u00f3n consolidada que atrae en cada edici\u00f3n a cientos de personas&nbsp; interesadas por la f\u00edsica al entorno privilegiado de la Residencia de Estudiantes, lugar de encuentro durante d\u00e9cadas de personajes ilustres de la historia.<\/p>\n\n\n\n<p>El ciclo se compondr\u00e1 de seis charlas dirigidas tanto a p\u00fablico general como especializado, que versar\u00e1n sobre temas clave en el presente y futuro de la investigaci\u00f3n: computaci\u00f3n cu\u00e1ntica, f\u00edsica de part\u00edculas, inteligencia artificial, materia oscura y ondas gravitacionales.<\/p>\n\n\n\n<p>Las y los ponentes son investigadores con una dilatada carrera cient\u00edfica y divulgadora, pertenecientes al Instituto de F\u00edsica Te\u00f3rica UAM\/CSIC, al&nbsp;Instituto de F\u00edsica Fundamental (IFF CSIC), al&nbsp;Instituto de F\u00edsica Corpuscular (IFIC UV\/CSIC) y al&nbsp;Centro Andaluz de F\u00edsica de Part\u00edculas Elementales (CAFPE UGR).<\/p>\n\n\n\n<p>No es necesaria confirmaci\u00f3n de asistencia y la<strong>&nbsp;entrada ser\u00e1 libre y gratuita hasta completar aforo.&nbsp;<\/strong><\/p>\n\n\n\n<p><strong>Cu\u00e1ndo:<\/strong>&nbsp;<strong>7, 8, 16 y 17 de noviembre a las 18:00h.<\/strong><\/p>\n\n\n\n<p>Tambi\u00e9n puedes seguir las conferencias en directo <a href=\"http:\/\/www.edaddeplata.org\">aqu\u00ed<\/a>.<\/p>\n\n\n\n<p>M\u00e1s informaci\u00f3n sobre el programa del ciclo <a href=\"https:\/\/members.ift.uam-csic.es\/ed\/2023\/10\/2\">aqu\u00ed<\/a>.<\/p>\n\n\n<div class=\"tribe-block tribe-block__event-price\">\n\t\t<\/div>\n\n\n<div class=\"tribe-block tribe-block__organizer__details tribe-clearfix\">\n\t<div class=\"tribe-block__organizer__title\">\n\t\t<h3>Instituto de F\u00edsica Te\u00f3rica &#038; Residencia de Estudiantes<\/h3>\n\t<\/div>\n\t\t\t<\/div>\n\n\n<div class=\"tribe-block tribe-block__venue tribe-block__venue--has-map\">\n\t\n\t\n<div class=\"tribe-block__venue__meta\">\n\t<div class=\"tribe-block__venue__name\">\n\t\t<h3>Residencia de Estudiantes CSIC.<\/h3>\n\t<\/div>\n\n\t\n\t\t\t<address class=\"tribe-block__venue__address\">\n\t\t\t<span class=\"tribe-address\">\n\n<span class=\"tribe-street-address\">Calle Pinar, 23<\/span>\n\t\n\t\t<br>\n\t\t<span class=\"tribe-locality\">Madrid<\/span><span class=\"tribe-delimiter\">,<\/span>\n\n\n\t<span class=\"tribe-postal-code\">28006<\/span>\n\n\t<span class=\"tribe-country-name\">Spain<\/span>\n\n<\/span>\n\n\t\t\t\t\t\t\t<a class=\"tribe-events-gmap\" href=\"https:\/\/maps.google.com\/maps?f=q&#038;source=s_q&#038;hl=en&#038;geocode=&#038;q=Calle+Pinar%2C+23+Madrid+28006+Spain\" title=\"Click to view a Google Map\" target=\"_blank\" rel=\"noreferrer noopener\">+ Google Map<\/a>\t\t\t\t\t<\/address>\n\t\n\t\n\t\t\t<span class=\"tribe-block__venue__website\"><a href=\"http:\/\/www.edaddeplata.org\" target=\"_self\" rel=\"external\">View Venue Website<\/a><\/span><br \/>\n\t\n\t<\/div>\n\t\n<div class=\"tribe-block__venue__map\">\n\t\n<iframe loading=\"lazy\"\n  width=\"100%\"\n  height=\"350px\"\n  frameborder=\"0\" style=\"border:0\"\n  src=\"https:\/\/www.google.com\/maps\/embed\/v1\/place?key=AIzaSyDNsicAsP6-VuGtAb1O9riI3oc_NOb7IOU&#038;q=Calle+Pinar%2C+23+Madrid+28006+Spain+\" allowfullscreen>\n<\/iframe><\/div>\n\n\t<\/div>\n\n\n<div class=\"tribe-block tribe-block__event-website\">\n\t<a\n\t\thref=\"https:\/\/members.ift.uam-csic.es\/ed\/2023\/10\/27\/ciclo-de-charlas-la-nueva-era-de-la-fisica-fundamental\/\"\n\t\ttarget=\"_self\"\n\t\t\t>\n\t\tLa nueva era de la F\u00edsica Fundamental\t<\/a>\n<\/div>\n\n\n<div class=\"tribe-block tribe-block__events-link\">\n\n\t\t\t<div class=\"tribe-block__btn--link tribe-block__events-gcal\">\n\t\t\t<a\n\t\t\t\thref=\"https:\/\/www.google.com\/calendar\/event?action=TEMPLATE&#038;dates=20231107T180000\/20231117T180000&#038;text=Ciclo%20de%20charlas%3A%20%26%238216%3BLa%20nueva%20era%20de%20la%20F%C3%ADsica%20Fundamental%26%238217%3B&#038;location=Residencia%20de%20Estudiantes%20CSIC.,%20Calle%20Pinar,%2023,%20Madrid,%2028006,%20Spain&#038;trp=false&#038;ctz=UTC+0&#038;sprop=website:https:\/\/members.ift.uam-csic.es\/ed\"\n\t\t\t\ttarget=\"_blank\"\n\t\t\t\trel=\"noopener noreferrer nofollow\"\n\t\t\t\ttitle=\"Add to Google Calendar\"\n\t\t\t>\n\t\t\t\t<img decoding=\"async\" src=\"https:\/\/members.ift.uam-csic.es\/ed\/wp-content\/plugins\/the-events-calendar\/common\/src\/modules\/icons\/link.svg\" \/>\n\t\t\t\tAdd to Google Calendar\t\t\t<\/a>\n\t\t<\/div>\n\t\n\t\t\t<div class=\"tribe-block__btn--link tribe-block__events-ical\">\n\t\t\t<a\n\t\t\t\thref=\"https:\/\/members.ift.uam-csic.es\/ed\/event\/ciclo-de-charlas-la-nueva-era-de-la-fisica-fundamental\/?ical=1\"\n\t\t\t\trel=\"noopener noreferrer nofollow\"\n\t\t\t\ttitle=\"Add to iCalendar\"\n\t\t\t>\n\t\t\t\t<img decoding=\"async\" src=\"https:\/\/members.ift.uam-csic.es\/ed\/wp-content\/plugins\/the-events-calendar\/common\/src\/modules\/icons\/link.svg\" \/>\n\t\t\t\tAdd to iCalendar\t\t\t<\/a>\n\t\t<\/div>\n\t\n<\/div>\n\n","protected":false},"excerpt":{"rendered":"<p>El Instituto de F\u00edsica Te\u00f3rica UAM\/CSIC ofrece un a\u00f1o m\u00e1s su programa de charlas de divulgaci\u00f3n en el entorno de la Residencia de Estudiantes de Madrid. Con motivo de la&nbsp;Semana [&hellip;]<\/p>\n","protected":false},"author":1,"featured_media":6753,"comment_status":"closed","ping_status":"closed","template":"","meta":{"_EventAllDay":false,"_EventTimezone":"UTC+0","_EventStartDate":"2023-11-07 18:00:00","_EventEndDate":"2023-11-17 18:00:00","_EventStartDateUTC":"2023-11-07 18:00:00","_EventEndDateUTC":"2023-11-17 18:00:00","_EventShowMap":true,"_EventShowMapLink":true,"_EventURL":"https:\/\/members.ift.uam-csic.es\/ed\/2023\/10\/27\/ciclo-de-charlas-la-nueva-era-de-la-fisica-fundamental\/","_EventCost":"","_EventCostDescription":"","_EventCurrencySymbol":"$","_EventCurrencyPosition":"prefix","_EventDateTimeSeparator":" @ ","_EventTimeRangeSeparator":" - ","_EventOrganizerID":[6018],"_EventVenueID":6515,"_OrganizerEmail":"","_OrganizerPhone":"","_OrganizerWebsite":"","_VenueAddress":"","_VenueCity":"","_VenueCountry":"","_VenueProvince":"","_VenueZip":"","_VenuePhone":"","_VenueURL":"","_VenueStateProvince":"","_VenueLat":"","_VenueLng":"","_tribe_events_status":"","_tribe_events_status_reason":"","footnotes":""},"tags":[],"tribe_events_cat":[],"class_list":["post-6514","tribe_events","type-tribe_events","status-publish","has-post-thumbnail","hentry"],"_links":{"self":[{"href":"https:\/\/members.ift.uam-csic.es\/ed\/wp-json\/wp\/v2\/tribe_events\/6514","targetHints":{"allow":["GET"]}}],"collection":[{"href":"https:\/\/members.ift.uam-csic.es\/ed\/wp-json\/wp\/v2\/tribe_events"}],"about":[{"href":"https:\/\/members.ift.uam-csic.es\/ed\/wp-json\/wp\/v2\/types\/tribe_events"}],"author":[{"embeddable":true,"href":"https:\/\/members.ift.uam-csic.es\/ed\/wp-json\/wp\/v2\/users\/1"}],"replies":[{"embeddable":true,"href":"https:\/\/members.ift.uam-csic.es\/ed\/wp-json\/wp\/v2\/comments?post=6514"}],"version-history":[{"count":5,"href":"https:\/\/members.ift.uam-csic.es\/ed\/wp-json\/wp\/v2\/tribe_events\/6514\/revisions"}],"predecessor-version":[{"id":6754,"href":"https:\/\/members.ift.uam-csic.es\/ed\/wp-json\/wp\/v2\/tribe_events\/6514\/revisions\/6754"}],"wp:featuredmedia":[{"embeddable":true,"href":"https:\/\/members.ift.uam-csic.es\/ed\/wp-json\/wp\/v2\/media\/6753"}],"wp:attachment":[{"href":"https:\/\/members.ift.uam-csic.es\/ed\/wp-json\/wp\/v2\/media?parent=6514"}],"wp:term":[{"taxonomy":"post_tag","embeddable":true,"href":"https:\/\/members.ift.uam-csic.es\/ed\/wp-json\/wp\/v2\/tags?post=6514"},{"taxonomy":"tribe_events_cat","embeddable":true,"href":"https:\/\/members.ift.uam-csic.es\/ed\/wp-json\/wp\/v2\/tribe_events_cat?post=6514"}],"curies":[{"name":"wp","href":"https:\/\/api.w.org\/{rel}","templated":true}]}}