{"id":6131,"date":"2023-02-18T11:59:36","date_gmt":"2023-02-18T11:59:36","guid":{"rendered":"https:\/\/members.ift.uam-csic.es\/ed\/?post_type=tribe_events&#038;p=6131"},"modified":"2023-02-18T11:59:36","modified_gmt":"2023-02-18T11:59:36","slug":"topologicamente-entrelazados-juego-belleza-y-cuantica-coloquio-por-belen-paredes","status":"publish","type":"tribe_events","link":"https:\/\/members.ift.uam-csic.es\/ed\/event\/topologicamente-entrelazados-juego-belleza-y-cuantica-coloquio-por-belen-paredes\/","title":{"rendered":"&#8220;Topol\u00f3gicamente entrelazados: juego, belleza y cu\u00e1ntica&#8221;, coloquio por Bel\u00e9n Paredes"},"content":{"rendered":"<div class=\"tribe-events-schedule tribe-clearfix\">\n\t<h2 class=\"tribe-events-schedule__datetime\">\n\t\t<span class=\"tribe-events-schedule__date tribe-events-schedule__date--start\">\n\t\t\tFebruary 23, 2023\t\t<\/span>\n\n\t\t\t\t\t<span class=\"tribe-events-schedule__separator tribe-events-schedule__separator--date\">\n\t\t\t\t @ \t\t\t<\/span>\n\t\t\t<span class=\"tribe-events-schedule__time tribe-events-schedule__time--start\">\n\t\t\t\t19:00\t\t\t<\/span>\n\t\t\n\t\t\t\t\t\t\t\t\t<span class=\"tribe-events-schedule__separator tribe-events-schedule__separator--time\">\n\t\t\t\t\t &#8211; \t\t\t\t<\/span>\n\t\t\t\n\t\t\t\t\t\t\t<span class=\"tribe-events-schedule__time tribe-events-schedule__time--end\">\n\t\t\t\t\t20:00\t\t\t\t<\/span>\n\t\t\t\n\t\t\t\t\t\t<\/h2>\n<\/div>\n\n\n\n<p>El pr\u00f3ximo jueves 23 de febrero a las 19:00 en la Residencia de Estudiantes del CSIC, la investigadora Bel\u00e9n Paredes  impartir\u00e1 la charla: &#8220;Topol\u00f3gicamente entrelazados: juego, belleza y cu\u00e1ntica&#8221;.<\/p>\n\n\n\n<figure class=\"wp-block-image size-full\"><img loading=\"lazy\" decoding=\"async\" width=\"800\" height=\"906\" src=\"https:\/\/members.ift.uam-csic.es\/ed\/wp-content\/uploads\/2023\/02\/20230216Ciclo-fisica-conferencia_2023_03_01.jpg\" alt=\"\" class=\"wp-image-6132\" srcset=\"https:\/\/members.ift.uam-csic.es\/ed\/wp-content\/uploads\/2023\/02\/20230216Ciclo-fisica-conferencia_2023_03_01.jpg 800w, https:\/\/members.ift.uam-csic.es\/ed\/wp-content\/uploads\/2023\/02\/20230216Ciclo-fisica-conferencia_2023_03_01-265x300.jpg 265w, https:\/\/members.ift.uam-csic.es\/ed\/wp-content\/uploads\/2023\/02\/20230216Ciclo-fisica-conferencia_2023_03_01-768x870.jpg 768w, https:\/\/members.ift.uam-csic.es\/ed\/wp-content\/uploads\/2023\/02\/20230216Ciclo-fisica-conferencia_2023_03_01-500x566.jpg 500w\" sizes=\"auto, (max-width: 800px) 100vw, 800px\" \/><\/figure>\n\n\n<div class=\"tribe-block tribe-block__event-price\">\n\t\t<\/div>\n\n\n\n\n<div class=\"tribe-block tribe-block__venue tribe-block__venue--has-map\">\n\t\n\t\n<div class=\"tribe-block__venue__meta\">\n\t<div class=\"tribe-block__venue__name\">\n\t\t<h3>Residencia de Estudiantes CSIC<\/h3>\n\t<\/div>\n\n\t\n\t\t\t<address class=\"tribe-block__venue__address\">\n\t\t\t<span class=\"tribe-address\">\n\n<span class=\"tribe-street-address\">Calle del Pinar, 21-23<\/span>\n\t\n\t\t<br>\n\t\t<span class=\"tribe-locality\">Madrid<\/span><span class=\"tribe-delimiter\">,<\/span>\n\n\n\n\t<span class=\"tribe-country-name\">Spain<\/span>\n\n<\/span>\n\n\t\t\t\t\t\t\t<a class=\"tribe-events-gmap\" href=\"https:\/\/maps.google.com\/maps?f=q&#038;source=s_q&#038;hl=en&#038;geocode=&#038;q=Calle+del+Pinar%2C+21-23+Madrid+Spain\" title=\"Click to view a Google Map\" target=\"_blank\" rel=\"noreferrer noopener\">+ Google Map<\/a>\t\t\t\t\t<\/address>\n\t\n\t\n\t\t\t<span class=\"tribe-block__venue__website\"><a href=\"http:\/\/www.residencia.csic.es\/\" target=\"_self\" rel=\"external\">View Venue Website<\/a><\/span><br \/>\n\t\n\t<\/div>\n\t\n<div class=\"tribe-block__venue__map\">\n\t\n<iframe loading=\"lazy\"\n  width=\"100%\"\n  height=\"350px\"\n  frameborder=\"0\" style=\"border:0\"\n  src=\"https:\/\/www.google.com\/maps\/embed\/v1\/place?key=AIzaSyDNsicAsP6-VuGtAb1O9riI3oc_NOb7IOU&#038;q=Calle+del+Pinar%2C+21-23+Madrid+Spain+\" allowfullscreen>\n<\/iframe><\/div>\n\n\t<\/div>\n\n\n\n\n<div class=\"tribe-block tribe-block__events-link\">\n\n\t\t\t<div class=\"tribe-block__btn--link tribe-block__events-gcal\">\n\t\t\t<a\n\t\t\t\thref=\"https:\/\/www.google.com\/calendar\/event?action=TEMPLATE&#038;dates=20230223T190000\/20230223T200000&#038;text=%26%238220%3BTopol%C3%B3gicamente%20entrelazados%3A%20juego%2C%20belleza%20y%20cu%C3%A1ntica%26%238221%3B%2C%20coloquio%20por%20Bel%C3%A9n%20Paredes&#038;location=Residencia%20de%20Estudiantes%20CSIC,%20Calle%20del%20Pinar,%2021-23,%20Madrid,%20Spain&#038;trp=false&#038;ctz=UTC+0&#038;sprop=website:https:\/\/members.ift.uam-csic.es\/ed\"\n\t\t\t\ttarget=\"_blank\"\n\t\t\t\trel=\"noopener noreferrer nofollow\"\n\t\t\t\ttitle=\"Add to Google Calendar\"\n\t\t\t>\n\t\t\t\t<img decoding=\"async\" src=\"https:\/\/members.ift.uam-csic.es\/ed\/wp-content\/plugins\/the-events-calendar\/common\/src\/modules\/icons\/link.svg\" \/>\n\t\t\t\tAdd to Google Calendar\t\t\t<\/a>\n\t\t<\/div>\n\t\n\t\t\t<div class=\"tribe-block__btn--link tribe-block__events-ical\">\n\t\t\t<a\n\t\t\t\thref=\"https:\/\/members.ift.uam-csic.es\/ed\/event\/topologicamente-entrelazados-juego-belleza-y-cuantica-coloquio-por-belen-paredes\/?ical=1\"\n\t\t\t\trel=\"noopener noreferrer nofollow\"\n\t\t\t\ttitle=\"Add to iCalendar\"\n\t\t\t>\n\t\t\t\t<img decoding=\"async\" src=\"https:\/\/members.ift.uam-csic.es\/ed\/wp-content\/plugins\/the-events-calendar\/common\/src\/modules\/icons\/link.svg\" \/>\n\t\t\t\tAdd to iCalendar\t\t\t<\/a>\n\t\t<\/div>\n\t\n<\/div>\n\n","protected":false},"excerpt":{"rendered":"<p>El pr\u00f3ximo jueves 23 de febrero a las 19:00 en la Residencia de Estudiantes del CSIC, la investigadora Bel\u00e9n Paredes impartir\u00e1 la charla: &#8220;Topol\u00f3gicamente entrelazados: juego, belleza y cu\u00e1ntica&#8221;.<\/p>\n","protected":false},"author":1,"featured_media":6133,"comment_status":"closed","ping_status":"closed","template":"","meta":{"_EventAllDay":false,"_EventTimezone":"UTC+0","_EventStartDate":"2023-02-23 19:00:00","_EventEndDate":"2023-02-23 20:00:00","_EventStartDateUTC":"2023-02-23 19:00:00","_EventEndDateUTC":"2023-02-23 20:00:00","_EventShowMap":true,"_EventShowMapLink":true,"_EventURL":"","_EventCost":"","_EventCostDescription":"","_EventCurrencySymbol":"$","_EventCurrencyPosition":"prefix","_EventDateTimeSeparator":" @ ","_EventTimeRangeSeparator":" - ","_EventOrganizerID":[],"_EventVenueID":6019,"_OrganizerEmail":"","_OrganizerPhone":"","_OrganizerWebsite":"","_VenueAddress":"","_VenueCity":"","_VenueCountry":"","_VenueProvince":"","_VenueZip":"","_VenuePhone":"","_VenueURL":"","_VenueStateProvince":"","_VenueLat":"","_VenueLng":"","_tribe_events_status":"","_tribe_events_status_reason":"","footnotes":""},"tags":[],"tribe_events_cat":[],"class_list":["post-6131","tribe_events","type-tribe_events","status-publish","has-post-thumbnail","hentry"],"_links":{"self":[{"href":"https:\/\/members.ift.uam-csic.es\/ed\/wp-json\/wp\/v2\/tribe_events\/6131","targetHints":{"allow":["GET"]}}],"collection":[{"href":"https:\/\/members.ift.uam-csic.es\/ed\/wp-json\/wp\/v2\/tribe_events"}],"about":[{"href":"https:\/\/members.ift.uam-csic.es\/ed\/wp-json\/wp\/v2\/types\/tribe_events"}],"author":[{"embeddable":true,"href":"https:\/\/members.ift.uam-csic.es\/ed\/wp-json\/wp\/v2\/users\/1"}],"replies":[{"embeddable":true,"href":"https:\/\/members.ift.uam-csic.es\/ed\/wp-json\/wp\/v2\/comments?post=6131"}],"version-history":[{"count":2,"href":"https:\/\/members.ift.uam-csic.es\/ed\/wp-json\/wp\/v2\/tribe_events\/6131\/revisions"}],"predecessor-version":[{"id":6135,"href":"https:\/\/members.ift.uam-csic.es\/ed\/wp-json\/wp\/v2\/tribe_events\/6131\/revisions\/6135"}],"wp:featuredmedia":[{"embeddable":true,"href":"https:\/\/members.ift.uam-csic.es\/ed\/wp-json\/wp\/v2\/media\/6133"}],"wp:attachment":[{"href":"https:\/\/members.ift.uam-csic.es\/ed\/wp-json\/wp\/v2\/media?parent=6131"}],"wp:term":[{"taxonomy":"post_tag","embeddable":true,"href":"https:\/\/members.ift.uam-csic.es\/ed\/wp-json\/wp\/v2\/tags?post=6131"},{"taxonomy":"tribe_events_cat","embeddable":true,"href":"https:\/\/members.ift.uam-csic.es\/ed\/wp-json\/wp\/v2\/tribe_events_cat?post=6131"}],"curies":[{"name":"wp","href":"https:\/\/api.w.org\/{rel}","templated":true}]}}