{"id":6017,"date":"2023-01-31T12:31:36","date_gmt":"2023-01-31T12:31:36","guid":{"rendered":"https:\/\/members.ift.uam-csic.es\/ed\/?post_type=tribe_events&#038;p=6017"},"modified":"2023-02-13T17:38:33","modified_gmt":"2023-02-13T17:38:33","slug":"haciendo-visible-lo-invisible-ciclo-de-charlas-mujer-y-nina-en-la-ciencia-en-la-residencia-de-estudiantes-2","status":"publish","type":"tribe_events","link":"https:\/\/members.ift.uam-csic.es\/ed\/event\/haciendo-visible-lo-invisible-ciclo-de-charlas-mujer-y-nina-en-la-ciencia-en-la-residencia-de-estudiantes-2\/","title":{"rendered":"Haciendo visible lo invisible: Ciclo de charlas \u2018Mujer y Ni\u00f1a en la Ciencia\u2019 en la Residencia de Estudiantes"},"content":{"rendered":"<div class=\"tribe-events-schedule tribe-clearfix\">\n\t<h2 class=\"tribe-events-schedule__datetime\">\n\t\t<span class=\"tribe-events-schedule__date tribe-events-schedule__date--start\">\n\t\t\tFebruary 17, 2023\t\t<\/span>\n\n\t\t\t\t\t<span class=\"tribe-events-schedule__separator tribe-events-schedule__separator--date\">\n\t\t\t\t @ \t\t\t<\/span>\n\t\t\t<span class=\"tribe-events-schedule__time tribe-events-schedule__time--start\">\n\t\t\t\t18:00\t\t\t<\/span>\n\t\t\n\t\t\t\t\t\t\t\t\t<span class=\"tribe-events-schedule__separator tribe-events-schedule__separator--time\">\n\t\t\t\t\t &#8211; \t\t\t\t<\/span>\n\t\t\t\n\t\t\t\t\t\t\t<span class=\"tribe-events-schedule__time tribe-events-schedule__time--end\">\n\t\t\t\t\t20:30\t\t\t\t<\/span>\n\t\t\t\n\t\t\t\t\t\t<\/h2>\n<\/div>\n\n\n\n<ul class=\"wp-block-list\"><li><strong>Con motivo del D\u00eda de la Mujer y la Ni\u00f1a en la Ciencia, el IFT lleva a la Residencia de Estudiantes la experiencia de dos f\u00edsicas que expondr\u00e1n su \u00e1rea de investigaci\u00f3n, pero tambi\u00e9n sus vivencias.<\/strong><\/li><\/ul>\n\n\n\n<figure class=\"wp-block-image size-full\"><img loading=\"lazy\" decoding=\"async\" width=\"1836\" height=\"1037\" src=\"https:\/\/members.ift.uam-csic.es\/ed\/wp-content\/uploads\/2023\/01\/1-getty-e1675294436832.jpg\" alt=\"\" class=\"wp-image-6024\" srcset=\"https:\/\/members.ift.uam-csic.es\/ed\/wp-content\/uploads\/2023\/01\/1-getty-e1675294436832.jpg 1836w, https:\/\/members.ift.uam-csic.es\/ed\/wp-content\/uploads\/2023\/01\/1-getty-e1675294436832-300x169.jpg 300w, https:\/\/members.ift.uam-csic.es\/ed\/wp-content\/uploads\/2023\/01\/1-getty-e1675294436832-1024x578.jpg 1024w, https:\/\/members.ift.uam-csic.es\/ed\/wp-content\/uploads\/2023\/01\/1-getty-e1675294436832-768x434.jpg 768w, https:\/\/members.ift.uam-csic.es\/ed\/wp-content\/uploads\/2023\/01\/1-getty-e1675294436832-1536x868.jpg 1536w, https:\/\/members.ift.uam-csic.es\/ed\/wp-content\/uploads\/2023\/01\/1-getty-e1675294436832-500x282.jpg 500w, https:\/\/members.ift.uam-csic.es\/ed\/wp-content\/uploads\/2023\/01\/1-getty-e1675294436832-800x452.jpg 800w, https:\/\/members.ift.uam-csic.es\/ed\/wp-content\/uploads\/2023\/01\/1-getty-e1675294436832-1280x723.jpg 1280w, https:\/\/members.ift.uam-csic.es\/ed\/wp-content\/uploads\/2023\/01\/1-getty-e1675294436832-1200x678.jpg 1200w\" sizes=\"auto, (max-width: 1836px) 100vw, 1836px\" \/><figcaption>\/Getty<\/figcaption><\/figure>\n\n\n\n<p>El ciclo, organizado por el IFT y la Residencia de Estudiantes, tendr\u00e1 lugar el&nbsp;<strong>viernes 17 de febrero<\/strong>&nbsp;a partir de las 18:00.<\/p>\n\n\n\n<p><strong>T\u00edtulo:&nbsp;&#8216;Materia visible e invisible&#8217;<\/strong><\/p>\n\n\n\n<p><strong>Ponente:&nbsp;Pilar Coloma, investigadora Ram\u00f3n y Cajal en el IFT.<\/strong><\/p>\n\n\n\n<p><strong>Hora y lugar: Residencia de Estudiantes, 18:00.<\/strong><\/p>\n\n\n\n<p><strong>Abstract:<\/strong>\u00a0El Universo que nos rodea est\u00e1 hecho de materia visible (el Sol, los planetas, los zapatos que llevas, o el perro de tu vecina), pero tambi\u00e9n contiene una gran parte de part\u00edculas invisibles, como los neutrinos y la materia oscura. En esta charla resumir\u00e9 lo que conocemos sobre las leyes que gobiernan la f\u00edsica de part\u00edculas, as\u00ed como las principales preguntas que a\u00fan permanecen sin respuesta. Para tratar de responderlas haremos un viaje desde el gran colisionador de hadrones LHC al Polo Sur, pasando por experimentos enterrados en antiguas minas de oro. \u00bfTe vienes?<\/p>\n\n\n\n<p>Tras obtener su doctorado en Espa\u00f1a, Pilar Coloma (Santa Cruz de Tenerife, 1984) ha desarrollado gran parte de su carrera profesional en EEUU. Su trabajo se centra en el estudio de la fenomenolog\u00eda de neutrinos y los posibles efectos debido a nueva f\u00edsica.<\/p>\n\n\n\n<div style=\"height:34px\" aria-hidden=\"true\" class=\"wp-block-spacer\"><\/div>\n\n\n\n<p><strong>T\u00edtulo:&nbsp;&#8216;Materia oscura y j\u00f3venes investigadoras: no las vemos, pero sabemos que est\u00e1n ah\u00ed&#8217;<\/strong><\/p>\n\n\n\n<p><strong>Ponente:&nbsp;Marina Cerme\u00f1o Gavil\u00e1n, investigadora postdoctoral en el IFT.<\/strong><\/p>\n\n\n\n<p><strong>Hora y lugar:\u00a0Residencia de Estudiantes, 19:30.<\/strong><\/p>\n\n\n\n<p><strong>Abstract:<\/strong>\u00a0En esta charla, Marina introducir\u00e1 el campo de investigaci\u00f3n de la materia oscura. Por qu\u00e9 sabemos que existe y los esfuerzos que se est\u00e1n haciendo para entenderla y detectarla. Contar\u00e1 por qu\u00e9 es importante buscarla alrededor de estrellas compactas, qu\u00e9 le llev\u00f3 a dedicarse a ello y c\u00f3mo fue y est\u00e1 siendo el camino.<\/p>\n\n\n\n<p>Marina Cerme\u00f1o (Alcal\u00e1 de Henares, 1992) estudi\u00f3 f\u00edsica en la Universidad Complutense de Madrid y se doctor\u00f3 en el Departamento de F\u00edsica Te\u00f3rica de la Universidad de Salamanca, con una tesis Cum Laude sobre materia oscura en estrellas densas. Tras esto, disfrut\u00f3 de un contrato postdoctoral de tres a\u00f1os en el Centro de Cosmolog\u00eda, F\u00edsica de Part\u00edculas y Fenomelog\u00eda de la Universidad de Lovaina la Nueva (B\u00e9lgica), donde investig\u00f3 nuevas se\u00f1ales indirectas de materia oscura en centros gal\u00e1cticos. Actualmente, desde septiembre de 2022, trabaja como investigadora postdoctoral en el Instituto de F\u00edsica Te\u00f3rica de Madrid donde estudia se\u00f1ales de materia oscura y nueva f\u00edsica de neutrinos en objetos compactos.<\/p>\n\n\n<div class=\"tribe-block tribe-block__event-price\">\n\t\t<\/div>\n\n\n\n<figure class=\"wp-block-image size-full\"><img loading=\"lazy\" decoding=\"async\" width=\"566\" height=\"907\" src=\"https:\/\/members.ift.uam-csic.es\/ed\/wp-content\/uploads\/2023\/02\/Cartel.jpg\" alt=\"\" class=\"wp-image-6099\" srcset=\"https:\/\/members.ift.uam-csic.es\/ed\/wp-content\/uploads\/2023\/02\/Cartel.jpg 566w, https:\/\/members.ift.uam-csic.es\/ed\/wp-content\/uploads\/2023\/02\/Cartel-187x300.jpg 187w, https:\/\/members.ift.uam-csic.es\/ed\/wp-content\/uploads\/2023\/02\/Cartel-500x801.jpg 500w\" sizes=\"auto, (max-width: 566px) 100vw, 566px\" \/><\/figure>\n\n\n<div class=\"tribe-block tribe-block__organizer__details tribe-clearfix\">\n\t<div class=\"tribe-block__organizer__title\">\n\t\t<h3>Instituto de F\u00edsica Te\u00f3rica &#038; Residencia de Estudiantes<\/h3>\n\t<\/div>\n\t\t\t<\/div>\n\n\n<div class=\"tribe-block tribe-block__venue tribe-block__venue--has-map\">\n\t\n\t\n<div class=\"tribe-block__venue__meta\">\n\t<div class=\"tribe-block__venue__name\">\n\t\t<h3>Residencia de Estudiantes CSIC<\/h3>\n\t<\/div>\n\n\t\n\t\t\t<address class=\"tribe-block__venue__address\">\n\t\t\t<span class=\"tribe-address\">\n\n<span class=\"tribe-street-address\">Calle del Pinar, 21-23<\/span>\n\t\n\t\t<br>\n\t\t<span class=\"tribe-locality\">Madrid<\/span><span class=\"tribe-delimiter\">,<\/span>\n\n\n\n\t<span class=\"tribe-country-name\">Spain<\/span>\n\n<\/span>\n\n\t\t\t\t\t\t\t<a class=\"tribe-events-gmap\" href=\"https:\/\/maps.google.com\/maps?f=q&#038;source=s_q&#038;hl=en&#038;geocode=&#038;q=Calle+del+Pinar%2C+21-23+Madrid+Spain\" title=\"Click to view a Google Map\" target=\"_blank\" rel=\"noreferrer noopener\">+ Google Map<\/a>\t\t\t\t\t<\/address>\n\t\n\t\n\t\t\t<span class=\"tribe-block__venue__website\"><a href=\"http:\/\/www.residencia.csic.es\/\" target=\"_self\" rel=\"external\">View Venue Website<\/a><\/span><br \/>\n\t\n\t<\/div>\n\t\n<div class=\"tribe-block__venue__map\">\n\t\n<iframe loading=\"lazy\"\n  width=\"100%\"\n  height=\"350px\"\n  frameborder=\"0\" style=\"border:0\"\n  src=\"https:\/\/www.google.com\/maps\/embed\/v1\/place?key=AIzaSyDNsicAsP6-VuGtAb1O9riI3oc_NOb7IOU&#038;q=Calle+del+Pinar%2C+21-23+Madrid+Spain+\" allowfullscreen>\n<\/iframe><\/div>\n\n\t<\/div>\n\n\n\n\n<div class=\"tribe-block tribe-block__events-link\">\n\n\t\t\t<div class=\"tribe-block__btn--link tribe-block__events-gcal\">\n\t\t\t<a\n\t\t\t\thref=\"https:\/\/www.google.com\/calendar\/event?action=TEMPLATE&#038;dates=20230217T180000\/20230217T203000&#038;text=Haciendo%20visible%20lo%20invisible%3A%20Ciclo%20de%20charlas%20%E2%80%98Mujer%20y%20Ni%C3%B1a%20en%20la%20Ciencia%E2%80%99%20en%20la%20Residencia%20de%20Estudiantes&#038;location=Residencia%20de%20Estudiantes%20CSIC,%20Calle%20del%20Pinar,%2021-23,%20Madrid,%20Spain&#038;trp=false&#038;ctz=UTC+0&#038;sprop=website:https:\/\/members.ift.uam-csic.es\/ed\"\n\t\t\t\ttarget=\"_blank\"\n\t\t\t\trel=\"noopener noreferrer nofollow\"\n\t\t\t\ttitle=\"Add to Google Calendar\"\n\t\t\t>\n\t\t\t\t<img decoding=\"async\" src=\"https:\/\/members.ift.uam-csic.es\/ed\/wp-content\/plugins\/the-events-calendar\/common\/src\/modules\/icons\/link.svg\" \/>\n\t\t\t\tAdd to Google Calendar\t\t\t<\/a>\n\t\t<\/div>\n\t\n\t\t\t<div class=\"tribe-block__btn--link tribe-block__events-ical\">\n\t\t\t<a\n\t\t\t\thref=\"https:\/\/members.ift.uam-csic.es\/ed\/event\/haciendo-visible-lo-invisible-ciclo-de-charlas-mujer-y-nina-en-la-ciencia-en-la-residencia-de-estudiantes-2\/?ical=1\"\n\t\t\t\trel=\"noopener noreferrer nofollow\"\n\t\t\t\ttitle=\"Add to iCalendar\"\n\t\t\t>\n\t\t\t\t<img decoding=\"async\" src=\"https:\/\/members.ift.uam-csic.es\/ed\/wp-content\/plugins\/the-events-calendar\/common\/src\/modules\/icons\/link.svg\" \/>\n\t\t\t\tAdd to iCalendar\t\t\t<\/a>\n\t\t<\/div>\n\t\n<\/div>\n\n\n\n<div class=\"tribe-events-event-image\"><img loading=\"lazy\" decoding=\"async\" width=\"1836\" height=\"1037\" src=\"https:\/\/members.ift.uam-csic.es\/ed\/wp-content\/uploads\/2023\/01\/1-getty-e1675294436832.jpg\" class=\"attachment-full size-full wp-post-image\" alt=\"\" srcset=\"https:\/\/members.ift.uam-csic.es\/ed\/wp-content\/uploads\/2023\/01\/1-getty-e1675294436832.jpg 1836w, https:\/\/members.ift.uam-csic.es\/ed\/wp-content\/uploads\/2023\/01\/1-getty-e1675294436832-300x169.jpg 300w, https:\/\/members.ift.uam-csic.es\/ed\/wp-content\/uploads\/2023\/01\/1-getty-e1675294436832-1024x578.jpg 1024w, https:\/\/members.ift.uam-csic.es\/ed\/wp-content\/uploads\/2023\/01\/1-getty-e1675294436832-768x434.jpg 768w, https:\/\/members.ift.uam-csic.es\/ed\/wp-content\/uploads\/2023\/01\/1-getty-e1675294436832-1536x868.jpg 1536w, https:\/\/members.ift.uam-csic.es\/ed\/wp-content\/uploads\/2023\/01\/1-getty-e1675294436832-500x282.jpg 500w, https:\/\/members.ift.uam-csic.es\/ed\/wp-content\/uploads\/2023\/01\/1-getty-e1675294436832-800x452.jpg 800w, https:\/\/members.ift.uam-csic.es\/ed\/wp-content\/uploads\/2023\/01\/1-getty-e1675294436832-1280x723.jpg 1280w, https:\/\/members.ift.uam-csic.es\/ed\/wp-content\/uploads\/2023\/01\/1-getty-e1675294436832-1200x678.jpg 1200w\" sizes=\"auto, (max-width: 1836px) 100vw, 1836px\" \/><\/div>","protected":false},"excerpt":{"rendered":"<p>Con motivo del D\u00eda de la Mujer y la Ni\u00f1a en la Ciencia, el IFT lleva a la Residencia de Estudiantes la experiencia de dos f\u00edsicas que expondr\u00e1n su \u00e1rea [&hellip;]<\/p>\n","protected":false},"author":1,"featured_media":6024,"comment_status":"closed","ping_status":"closed","template":"","meta":{"_EventAllDay":false,"_EventTimezone":"UTC+0","_EventStartDate":"2023-02-17 18:00:00","_EventEndDate":"2023-02-17 20:30:00","_EventStartDateUTC":"2023-02-17 18:00:00","_EventEndDateUTC":"2023-02-17 20:30:00","_EventShowMap":true,"_EventShowMapLink":true,"_EventURL":"","_EventCost":"","_EventCostDescription":"","_EventCurrencySymbol":"$","_EventCurrencyPosition":"prefix","_EventDateTimeSeparator":" @ ","_EventTimeRangeSeparator":" - ","_EventOrganizerID":[6018],"_EventVenueID":6019,"_OrganizerEmail":"","_OrganizerPhone":"","_OrganizerWebsite":"","_VenueAddress":"","_VenueCity":"","_VenueCountry":"","_VenueProvince":"","_VenueZip":"","_VenuePhone":"","_VenueURL":"","_VenueStateProvince":"","_VenueLat":"","_VenueLng":"","_tribe_events_status":"","_tribe_events_status_reason":"","footnotes":""},"tags":[],"tribe_events_cat":[],"class_list":["post-6017","tribe_events","type-tribe_events","status-publish","has-post-thumbnail","hentry"],"_links":{"self":[{"href":"https:\/\/members.ift.uam-csic.es\/ed\/wp-json\/wp\/v2\/tribe_events\/6017","targetHints":{"allow":["GET"]}}],"collection":[{"href":"https:\/\/members.ift.uam-csic.es\/ed\/wp-json\/wp\/v2\/tribe_events"}],"about":[{"href":"https:\/\/members.ift.uam-csic.es\/ed\/wp-json\/wp\/v2\/types\/tribe_events"}],"author":[{"embeddable":true,"href":"https:\/\/members.ift.uam-csic.es\/ed\/wp-json\/wp\/v2\/users\/1"}],"replies":[{"embeddable":true,"href":"https:\/\/members.ift.uam-csic.es\/ed\/wp-json\/wp\/v2\/comments?post=6017"}],"version-history":[{"count":7,"href":"https:\/\/members.ift.uam-csic.es\/ed\/wp-json\/wp\/v2\/tribe_events\/6017\/revisions"}],"predecessor-version":[{"id":6108,"href":"https:\/\/members.ift.uam-csic.es\/ed\/wp-json\/wp\/v2\/tribe_events\/6017\/revisions\/6108"}],"wp:featuredmedia":[{"embeddable":true,"href":"https:\/\/members.ift.uam-csic.es\/ed\/wp-json\/wp\/v2\/media\/6024"}],"wp:attachment":[{"href":"https:\/\/members.ift.uam-csic.es\/ed\/wp-json\/wp\/v2\/media?parent=6017"}],"wp:term":[{"taxonomy":"post_tag","embeddable":true,"href":"https:\/\/members.ift.uam-csic.es\/ed\/wp-json\/wp\/v2\/tags?post=6017"},{"taxonomy":"tribe_events_cat","embeddable":true,"href":"https:\/\/members.ift.uam-csic.es\/ed\/wp-json\/wp\/v2\/tribe_events_cat?post=6017"}],"curies":[{"name":"wp","href":"https:\/\/api.w.org\/{rel}","templated":true}]}}