{"id":5937,"date":"2023-01-18T15:19:30","date_gmt":"2023-01-18T15:19:30","guid":{"rendered":"https:\/\/members.ift.uam-csic.es\/ed\/?post_type=tribe_events&#038;p=5937"},"modified":"2023-01-25T19:07:38","modified_gmt":"2023-01-25T19:07:38","slug":"carolyn-bertozzi-cuando-la-quimica-hace-click-coloquio-por-fernando-herranz","status":"publish","type":"tribe_events","link":"https:\/\/members.ift.uam-csic.es\/ed\/event\/carolyn-bertozzi-cuando-la-quimica-hace-click-coloquio-por-fernando-herranz\/","title":{"rendered":"&#8220;Carolyn Bertozzi: cuando la qu\u00edmica hace click&#8221;, coloquio por Fernando Herranz"},"content":{"rendered":"<div class=\"tribe-events-schedule tribe-clearfix\">\n\t<h2 class=\"tribe-events-schedule__datetime\">\n\t\t<span class=\"tribe-events-schedule__date tribe-events-schedule__date--start\">\n\t\t\tFebruary 9, 2023\t\t<\/span>\n\n\t\t\t\t\t<span class=\"tribe-events-schedule__separator tribe-events-schedule__separator--date\">\n\t\t\t\t @ \t\t\t<\/span>\n\t\t\t<span class=\"tribe-events-schedule__time tribe-events-schedule__time--start\">\n\t\t\t\t12:30\t\t\t<\/span>\n\t\t\n\t\t\t\t\t\t\t\t\t<span class=\"tribe-events-schedule__separator tribe-events-schedule__separator--time\">\n\t\t\t\t\t &#8211; \t\t\t\t<\/span>\n\t\t\t\n\t\t\t\t\t\t\t<span class=\"tribe-events-schedule__time tribe-events-schedule__time--end\">\n\t\t\t\t\t13:30\t\t\t\t<\/span>\n\t\t\t\n\t\t\t\t\t\t<\/h2>\n<\/div>\n\n\n\n<figure class=\"wp-block-image size-large\"><img loading=\"lazy\" decoding=\"async\" width=\"1024\" height=\"851\" src=\"https:\/\/members.ift.uam-csic.es\/ed\/wp-content\/uploads\/2023\/01\/CarolynBertozzi_coloquio_small-1024x851.jpg\" alt=\"\" class=\"wp-image-5938\" srcset=\"https:\/\/members.ift.uam-csic.es\/ed\/wp-content\/uploads\/2023\/01\/CarolynBertozzi_coloquio_small-1024x851.jpg 1024w, https:\/\/members.ift.uam-csic.es\/ed\/wp-content\/uploads\/2023\/01\/CarolynBertozzi_coloquio_small-300x249.jpg 300w, https:\/\/members.ift.uam-csic.es\/ed\/wp-content\/uploads\/2023\/01\/CarolynBertozzi_coloquio_small-768x638.jpg 768w, https:\/\/members.ift.uam-csic.es\/ed\/wp-content\/uploads\/2023\/01\/CarolynBertozzi_coloquio_small-1536x1276.jpg 1536w, https:\/\/members.ift.uam-csic.es\/ed\/wp-content\/uploads\/2023\/01\/CarolynBertozzi_coloquio_small-2048x1701.jpg 2048w, https:\/\/members.ift.uam-csic.es\/ed\/wp-content\/uploads\/2023\/01\/CarolynBertozzi_coloquio_small-500x415.jpg 500w, https:\/\/members.ift.uam-csic.es\/ed\/wp-content\/uploads\/2023\/01\/CarolynBertozzi_coloquio_small-800x664.jpg 800w, https:\/\/members.ift.uam-csic.es\/ed\/wp-content\/uploads\/2023\/01\/CarolynBertozzi_coloquio_small-1280x1063.jpg 1280w, https:\/\/members.ift.uam-csic.es\/ed\/wp-content\/uploads\/2023\/01\/CarolynBertozzi_coloquio_small-1920x1595.jpg 1920w, https:\/\/members.ift.uam-csic.es\/ed\/wp-content\/uploads\/2023\/01\/CarolynBertozzi_coloquio_small-1200x997.jpg 1200w, https:\/\/members.ift.uam-csic.es\/ed\/wp-content\/uploads\/2023\/01\/CarolynBertozzi_coloquio_small-1980x1645.jpg 1980w\" sizes=\"auto, (max-width: 1024px) 100vw, 1024px\" \/><\/figure>\n\n\n\n<p>Con motivo del <a href=\"https:\/\/11defebrero.org\">11 de febrero<\/a>, D\u00eda de las mujeres y las ni\u00f1as en la ciencia, Fernando Herranz, del Instituto de Qu\u00edmica M\u00e9dica &#8211; CSIC, impartir\u00e1 el coloquio titulado &#8220;Carolyn Bertozzi: cuando la qu\u00edmica hace click&#8221;.<\/p>\n\n\n\n<p>En esta charla descubriremos a la reciente premio Nobel de Qu\u00edmica 2022, <a href=\"https:\/\/www.nobelprize.org\/prizes\/chemistry\/2022\/bertozzi\/facts\/\">Carolyn Bertozzi<\/a>, aspectos de su carrera profesional y, sobre todo descubriremos la qu\u00edmica que ha desarrollado, los antecedentes, qu\u00e9 ha aportado de nuevo y qu\u00e9 aplicaciones esta permitiendo este nuevo tipo de qu\u00edmica.<\/p>\n\n\n\n<div class=\"wp-block-media-text alignwide is-stacked-on-mobile\" style=\"grid-template-columns:32% auto\"><figure class=\"wp-block-media-text__media\"><img loading=\"lazy\" decoding=\"async\" width=\"398\" height=\"394\" src=\"https:\/\/members.ift.uam-csic.es\/ed\/wp-content\/uploads\/2023\/01\/FHerranz.png\" alt=\"\" class=\"wp-image-5950 size-full\" srcset=\"https:\/\/members.ift.uam-csic.es\/ed\/wp-content\/uploads\/2023\/01\/FHerranz.png 398w, https:\/\/members.ift.uam-csic.es\/ed\/wp-content\/uploads\/2023\/01\/FHerranz-300x297.png 300w\" sizes=\"auto, (max-width: 398px) 100vw, 398px\" \/><\/figure><div class=\"wp-block-media-text__content\">\n<p><\/p>\n\n\n\n<p><\/p>\n\n\n\n<p><\/p>\n\n\n\n<p>Fernando Herranz es cient\u00edfico titular del CSIC y dirige el grupo de <a href=\"https:\/\/nanomedmol.com\/\">Nanomedicina e Imagen Molecular<\/a> en el Instituto de Qu\u00edmica M\u00e9dica. Una de las principales l\u00edneas de trabajo del grupo se basa en la combinaci\u00f3n de la qu\u00edmica bioortogonal y los nanomateriales para el diagn\u00f3stico de enfermedades vasculares mediante imagen.<\/p>\n\n\n\n<p><\/p>\n\n\n\n<p><\/p>\n<\/div><\/div>\n\n\n\n<p><strong>Fecha<\/strong>: 9 de febrero a las 12:30pm<\/p>\n\n\n\n<p><strong>Lugar<\/strong>: Sala de Conferencias M\u00f3dulo 00, de la Facultad de Ciencias de la Universidad Aut\u00f3noma de Madrid.<\/p>\n\n\n\n<p>El poster de la actividad puede descargarse <a href=\"https:\/\/members.ift.uam-csic.es\/ed\/wp-content\/uploads\/2023\/01\/CarolynBertozzi_coloquio.pdf\">aqu\u00ed<\/a>.<\/p>\n\n\n\n<figure class=\"wp-block-image size-large\"><img loading=\"lazy\" decoding=\"async\" width=\"1024\" height=\"144\" src=\"https:\/\/members.ift.uam-csic.es\/ed\/wp-content\/uploads\/2023\/01\/image-1024x144.png\" alt=\"\" class=\"wp-image-5945\" srcset=\"https:\/\/members.ift.uam-csic.es\/ed\/wp-content\/uploads\/2023\/01\/image-1024x144.png 1024w, https:\/\/members.ift.uam-csic.es\/ed\/wp-content\/uploads\/2023\/01\/image-300x42.png 300w, https:\/\/members.ift.uam-csic.es\/ed\/wp-content\/uploads\/2023\/01\/image-768x108.png 768w, https:\/\/members.ift.uam-csic.es\/ed\/wp-content\/uploads\/2023\/01\/image-1536x217.png 1536w, https:\/\/members.ift.uam-csic.es\/ed\/wp-content\/uploads\/2023\/01\/image-2048x289.png 2048w, https:\/\/members.ift.uam-csic.es\/ed\/wp-content\/uploads\/2023\/01\/image-500x71.png 500w, https:\/\/members.ift.uam-csic.es\/ed\/wp-content\/uploads\/2023\/01\/image-800x113.png 800w, https:\/\/members.ift.uam-csic.es\/ed\/wp-content\/uploads\/2023\/01\/image-1280x181.png 1280w, https:\/\/members.ift.uam-csic.es\/ed\/wp-content\/uploads\/2023\/01\/image-1920x271.png 1920w, https:\/\/members.ift.uam-csic.es\/ed\/wp-content\/uploads\/2023\/01\/image-1200x169.png 1200w, https:\/\/members.ift.uam-csic.es\/ed\/wp-content\/uploads\/2023\/01\/image-1980x279.png 1980w\" sizes=\"auto, (max-width: 1024px) 100vw, 1024px\" \/><\/figure>\n\n\n<div class=\"tribe-block tribe-block__event-price\">\n\t\t<\/div>\n\n\n<div class=\"tribe-block tribe-block__organizer__details tribe-clearfix\">\n\t<div class=\"tribe-block__organizer__title\">\n\t\t<h3>Comisi\u00f3n de Igualdad Intercentros UAM-CSIC<\/h3>\n\t<\/div>\n\t\t\t\t<p class=\"tribe-block__organizer__website\"><a href=\"https:\/\/members.ift.uam-csic.es\/ed\/igualdad-intercentros-uamcsic\/\" target=\"_self\" rel=\"external\">View Organizer Website<\/a><\/p>\n\t\t<\/div>\n\n\n<div class=\"tribe-block tribe-block__venue tribe-block__venue--has-map\">\n\t\n\t\n<div class=\"tribe-block__venue__meta\">\n\t<div class=\"tribe-block__venue__name\">\n\t\t<h3>Facultad de Ciencias UAM<\/h3>\n\t<\/div>\n\n\t\n\t\t\t<address class=\"tribe-block__venue__address\">\n\t\t\t<span class=\"tribe-address\">\n\n<span class=\"tribe-street-address\">Ciudad Universitaria de Cantoblanco, C. Francisco Tom\u00e1s y Valiente, 7<\/span>\n\t\n\t\t<br>\n\t\t<span class=\"tribe-locality\">Madrid<\/span><span class=\"tribe-delimiter\">,<\/span>\n\n\n\t<span class=\"tribe-postal-code\">28049<\/span>\n\n\t<span class=\"tribe-country-name\">Spain<\/span>\n\n<\/span>\n\n\t\t\t\t\t\t\t<a class=\"tribe-events-gmap\" href=\"https:\/\/maps.google.com\/maps?f=q&#038;source=s_q&#038;hl=en&#038;geocode=&#038;q=Ciudad+Universitaria+de+Cantoblanco%2C+C.+Francisco+Tom%C3%A1s+y+Valiente%2C+7+Madrid+28049+Spain\" title=\"Click to view a Google Map\" target=\"_blank\" rel=\"noreferrer noopener\">+ Google Map<\/a>\t\t\t\t\t<\/address>\n\t\n\t\n\t\n\t<\/div>\n\t\n<div class=\"tribe-block__venue__map\">\n\t\n<iframe loading=\"lazy\"\n  width=\"100%\"\n  height=\"350px\"\n  frameborder=\"0\" style=\"border:0\"\n  src=\"https:\/\/www.google.com\/maps\/embed\/v1\/place?key=AIzaSyDNsicAsP6-VuGtAb1O9riI3oc_NOb7IOU&#038;q=Ciudad+Universitaria+de+Cantoblanco%2C+C.+Francisco+Tom%C3%A1s+y+Valiente%2C+7+Madrid+28049+Spain+\" allowfullscreen>\n<\/iframe><\/div>\n\n\t<\/div>\n\n\n<div class=\"tribe-block tribe-block__event-website\">\n\t<a\n\t\thref=\"https:\/\/members.ift.uam-csic.es\/ed\/2023\/01\/19\/coloquio-11f\/\"\n\t\ttarget=\"_self\"\n\t\t\t>\n\t\tEvent Website\t<\/a>\n<\/div>\n\n\n<div class=\"tribe-block tribe-block__events-link\">\n\n\t\t\t<div class=\"tribe-block__btn--link tribe-block__events-gcal\">\n\t\t\t<a\n\t\t\t\thref=\"https:\/\/www.google.com\/calendar\/event?action=TEMPLATE&#038;dates=20230209T123000\/20230209T133000&#038;text=%26%238220%3BCarolyn%20Bertozzi%3A%20cuando%20la%20qu%C3%ADmica%20hace%20click%26%238221%3B%2C%20coloquio%20por%20Fernando%20Herranz&#038;location=Facultad%20de%20Ciencias%20UAM,%20Ciudad%20Universitaria%20de%20Cantoblanco,%20C.%20Francisco%20Tom\u00e1s%20y%20Valiente,%207,%20Madrid,%2028049,%20Spain&#038;trp=false&#038;ctz=UTC+0&#038;sprop=website:https:\/\/members.ift.uam-csic.es\/ed\"\n\t\t\t\ttarget=\"_blank\"\n\t\t\t\trel=\"noopener noreferrer nofollow\"\n\t\t\t\ttitle=\"Add to Google Calendar\"\n\t\t\t>\n\t\t\t\t<img decoding=\"async\" src=\"https:\/\/members.ift.uam-csic.es\/ed\/wp-content\/plugins\/the-events-calendar\/common\/src\/modules\/icons\/link.svg\" \/>\n\t\t\t\tAdd to Google Calendar\t\t\t<\/a>\n\t\t<\/div>\n\t\n\t\t\t<div class=\"tribe-block__btn--link tribe-block__events-ical\">\n\t\t\t<a\n\t\t\t\thref=\"https:\/\/members.ift.uam-csic.es\/ed\/event\/carolyn-bertozzi-cuando-la-quimica-hace-click-coloquio-por-fernando-herranz\/?ical=1\"\n\t\t\t\trel=\"noopener noreferrer nofollow\"\n\t\t\t\ttitle=\"Add to iCalendar\"\n\t\t\t>\n\t\t\t\t<img decoding=\"async\" src=\"https:\/\/members.ift.uam-csic.es\/ed\/wp-content\/plugins\/the-events-calendar\/common\/src\/modules\/icons\/link.svg\" \/>\n\t\t\t\tAdd to iCalendar\t\t\t<\/a>\n\t\t<\/div>\n\t\n<\/div>\n\n","protected":false},"excerpt":{"rendered":"<p>Con motivo del 11 de febrero, D\u00eda de las mujeres y las ni\u00f1as en la ciencia, Fernando Herranz, del Instituto de Qu\u00edmica M\u00e9dica &#8211; CSIC, impartir\u00e1 el coloquio titulado &#8220;Carolyn [&hellip;]<\/p>\n","protected":false},"author":1,"featured_media":5938,"comment_status":"closed","ping_status":"closed","template":"","meta":{"_EventAllDay":false,"_EventTimezone":"UTC+0","_EventStartDate":"2023-02-09 12:30:00","_EventEndDate":"2023-02-09 13:30:00","_EventStartDateUTC":"2023-02-09 12:30:00","_EventEndDateUTC":"2023-02-09 13:30:00","_EventShowMap":true,"_EventShowMapLink":true,"_EventURL":"https:\/\/members.ift.uam-csic.es\/ed\/2023\/01\/19\/coloquio-11f\/","_EventCost":"","_EventCostDescription":"","_EventCurrencySymbol":"$","_EventCurrencyPosition":"prefix","_EventDateTimeSeparator":" @ ","_EventTimeRangeSeparator":" - ","_EventOrganizerID":[5942],"_EventVenueID":5939,"_OrganizerEmail":"","_OrganizerPhone":"","_OrganizerWebsite":"","_VenueAddress":"","_VenueCity":"","_VenueCountry":"","_VenueProvince":"","_VenueZip":"","_VenuePhone":"","_VenueURL":"","_VenueStateProvince":"","_VenueLat":"","_VenueLng":"","_tribe_events_status":"","_tribe_events_status_reason":"","footnotes":""},"tags":[],"tribe_events_cat":[],"class_list":["post-5937","tribe_events","type-tribe_events","status-publish","has-post-thumbnail","hentry"],"_links":{"self":[{"href":"https:\/\/members.ift.uam-csic.es\/ed\/wp-json\/wp\/v2\/tribe_events\/5937","targetHints":{"allow":["GET"]}}],"collection":[{"href":"https:\/\/members.ift.uam-csic.es\/ed\/wp-json\/wp\/v2\/tribe_events"}],"about":[{"href":"https:\/\/members.ift.uam-csic.es\/ed\/wp-json\/wp\/v2\/types\/tribe_events"}],"author":[{"embeddable":true,"href":"https:\/\/members.ift.uam-csic.es\/ed\/wp-json\/wp\/v2\/users\/1"}],"replies":[{"embeddable":true,"href":"https:\/\/members.ift.uam-csic.es\/ed\/wp-json\/wp\/v2\/comments?post=5937"}],"version-history":[{"count":5,"href":"https:\/\/members.ift.uam-csic.es\/ed\/wp-json\/wp\/v2\/tribe_events\/5937\/revisions"}],"predecessor-version":[{"id":5993,"href":"https:\/\/members.ift.uam-csic.es\/ed\/wp-json\/wp\/v2\/tribe_events\/5937\/revisions\/5993"}],"wp:featuredmedia":[{"embeddable":true,"href":"https:\/\/members.ift.uam-csic.es\/ed\/wp-json\/wp\/v2\/media\/5938"}],"wp:attachment":[{"href":"https:\/\/members.ift.uam-csic.es\/ed\/wp-json\/wp\/v2\/media?parent=5937"}],"wp:term":[{"taxonomy":"post_tag","embeddable":true,"href":"https:\/\/members.ift.uam-csic.es\/ed\/wp-json\/wp\/v2\/tags?post=5937"},{"taxonomy":"tribe_events_cat","embeddable":true,"href":"https:\/\/members.ift.uam-csic.es\/ed\/wp-json\/wp\/v2\/tribe_events_cat?post=5937"}],"curies":[{"name":"wp","href":"https:\/\/api.w.org\/{rel}","templated":true}]}}