{"id":1689,"date":"2020-12-13T17:40:05","date_gmt":"2020-12-13T17:40:05","guid":{"rendered":"https:\/\/members.ift.uam-csic.es\/ed\/?post_type=tribe_events&#038;p=1689"},"modified":"2021-02-25T23:03:35","modified_gmt":"2021-02-25T23:03:35","slug":"nobeles-2020","status":"publish","type":"tribe_events","link":"https:\/\/members.ift.uam-csic.es\/ed\/event\/nobeles-2020\/","title":{"rendered":"Nobeles 2020"},"content":{"rendered":"<div class=\"tribe-events-schedule tribe-clearfix\">\n\t<h2 class=\"tribe-events-schedule__datetime\">\n\t\t<span class=\"tribe-events-schedule__date tribe-events-schedule__date--start\">\n\t\t\tFebruary 11, 2021\t\t<\/span>\n\n\t\t\t\t\t<span class=\"tribe-events-schedule__separator tribe-events-schedule__separator--date\">\n\t\t\t\t @ \t\t\t<\/span>\n\t\t\t<span class=\"tribe-events-schedule__time tribe-events-schedule__time--start\">\n\t\t\t\t18:30\t\t\t<\/span>\n\t\t\n\t\t\t\t\t\t\t\t\t<span class=\"tribe-events-schedule__separator tribe-events-schedule__separator--time\">\n\t\t\t\t\t &#8211; \t\t\t\t<\/span>\n\t\t\t\n\t\t\t\t\t\t\t<span class=\"tribe-events-schedule__time tribe-events-schedule__time--end\">\n\t\t\t\t\t14:00\t\t\t\t<\/span>\n\t\t\t\n\t\t\t\t\t\t<\/h2>\n<\/div>\n\n\n\n<h5 class=\"wp-block-heading\"><a href=\"https:\/\/members.ift.uam-csic.es\/ed\/nobeles-2020\/\">Nobeles 2020<\/a><\/h5>\n\n\n\n<p><strong>Un viaje del genoma a los agujeros negros.<\/strong><\/p>\n\n\n\n<p>Con motivo del <a href=\"https:\/\/11defebrero.org\/11-de-febrero\/\">D\u00eda Internacional de la Mujer y la Ni\u00f1a en la Ciencia<\/a> los centros del&nbsp;<a href=\"https:\/\/www.csic.es\/\">Consejo Superior de Investigaciones Cient\u00edficas (CSIC)<\/a>&nbsp;del campus de Cantoblanco organizamos dos coloquios sobre los Premios Nobel de F\u00edsica y de Qu\u00edmica 2020:<\/p>\n\n\n\n<p>\u201cLa incre\u00edble ciencia detr\u00e1s de los agujeros negros, Gravedad y el premio Nobel de 2020\u201d, <a href=\"https:\/\/physics.usu.edu\/people\/faculty-logan\/maria-rodriguez\">Mar\u00eda Jos\u00e9 Rodr\u00edguez<\/a> (<a href=\"https:\/\/www.ift.uam-csic.es\/\">IFT<\/a>, <a href=\"https:\/\/physics.usu.edu\/index\">USU<\/a>) \u2013 <strong>Martes 9 de febrero a las 18:30<\/strong><\/p>\n\n\n\n<p>\u201cDos investigadoras premiadas con el premio Nobel de Qu\u00edmica de 2020 como promotoras de la revoluci\u00f3n CRISPR\u201d, <a href=\"http:\/\/wwwuser.cnb.csic.es\/~montoliu\/\">Llu\u00eds Montoliu <\/a>(<a href=\"http:\/\/www.cnb.csic.es\/index.php\/es\/\">CNB<\/a>) \u2013 <strong>Jueves 11 de febrero a las 14:00<\/strong><\/p>\n\n\n\n<p>Tambi\u00e9n se emitir\u00e1n en directo en el canal de Youtube del IFT:<\/p>\n\n\n\n<p><strong>9 de febrero a las 18:30<\/strong> \u2013 <a href=\"https:\/\/www.youtube.com\/watch?v=faBZrdJWx-4&amp;feature=youtu.be\">Nobeles 2020: F\u00edsica \u2013 Youtube<\/a><\/p>\n\n\n\n<p><strong>11 de febrero a las 14:00<\/strong> \u2013 <a href=\"https:\/\/www.youtube.com\/watch?v=1fvoHmnhiVY&amp;feature=youtu.be\">Nobeles 2020: Qu\u00edmica \u2013 Youtube<\/a><\/p>\n\n\n\n<figure class=\"wp-block-image size-large\"><img loading=\"lazy\" decoding=\"async\" width=\"1024\" height=\"546\" src=\"https:\/\/members.ift.uam-csic.es\/ed\/wp-content\/uploads\/2020\/12\/nobel2020-1-1024x546.jpg\" alt=\"\" class=\"wp-image-1582\" srcset=\"https:\/\/members.ift.uam-csic.es\/ed\/wp-content\/uploads\/2020\/12\/nobel2020-1-1024x546.jpg 1024w, https:\/\/members.ift.uam-csic.es\/ed\/wp-content\/uploads\/2020\/12\/nobel2020-1-300x160.jpg 300w, https:\/\/members.ift.uam-csic.es\/ed\/wp-content\/uploads\/2020\/12\/nobel2020-1-768x409.jpg 768w, https:\/\/members.ift.uam-csic.es\/ed\/wp-content\/uploads\/2020\/12\/nobel2020-1-1536x818.jpg 1536w, https:\/\/members.ift.uam-csic.es\/ed\/wp-content\/uploads\/2020\/12\/nobel2020-1-2048x1091.jpg 2048w, https:\/\/members.ift.uam-csic.es\/ed\/wp-content\/uploads\/2020\/12\/nobel2020-1-500x266.jpg 500w, https:\/\/members.ift.uam-csic.es\/ed\/wp-content\/uploads\/2020\/12\/nobel2020-1-800x426.jpg 800w, https:\/\/members.ift.uam-csic.es\/ed\/wp-content\/uploads\/2020\/12\/nobel2020-1-1280x682.jpg 1280w, https:\/\/members.ift.uam-csic.es\/ed\/wp-content\/uploads\/2020\/12\/nobel2020-1-1920x1023.jpg 1920w, https:\/\/members.ift.uam-csic.es\/ed\/wp-content\/uploads\/2020\/12\/nobel2020-1-1200x639.jpg 1200w, https:\/\/members.ift.uam-csic.es\/ed\/wp-content\/uploads\/2020\/12\/nobel2020-1-1980x1055.jpg 1980w\" sizes=\"auto, (max-width: 1024px) 100vw, 1024px\" \/><\/figure>\n\n\n\n<p><strong>Participating CSIC centers<\/strong>: <a href=\"https:\/\/www.cbm.uam.es\/es\/\">CBM<\/a>, <a rel=\"noreferrer noopener\" href=\"https:\/\/www.cial.uam-csic.es\/\" target=\"_blank\">CIAL<\/a>, <a rel=\"noreferrer noopener\" href=\"https:\/\/www.cnb.csic.es\/index.php\/es\/\" target=\"_blank\">CNB<\/a>, <a rel=\"noreferrer noopener\" href=\"https:\/\/www.icmat.es\/\" target=\"_blank\">ICMAT<\/a>, <a rel=\"noreferrer noopener\" href=\"https:\/\/www.icmm.csic.es\/\" target=\"_blank\">ICMM<\/a>, <a rel=\"noreferrer noopener\" href=\"http:\/\/www.icp.csic.es\/\" target=\"_blank\">ICP<\/a>, , <a rel=\"noreferrer noopener\" href=\"https:\/\/www.icv.csic.es\/\" target=\"_blank\">ICV<\/a>, <a rel=\"noreferrer noopener\" href=\"https:\/\/www.ift.uam-csic.es\/\" target=\"_blank\">IFT<\/a>, <a href=\"http:\/\/www.imn.cnm.csic.es\/es\">IMN<\/a> .<\/p>\n\n\n<div class=\"tribe-block tribe-block__event-price\">\n\t\t<\/div>\n\n\n\n\n<div class=\"tribe-block tribe-block__venue tribe-block__venue--has-map\">\n\t\n\t\t\n\t<\/div>\n\n\n<div class=\"tribe-block tribe-block__event-website\">\n\t<a\n\t\thref=\"https:\/\/members.ift.uam-csic.es\/ed\/nobeles-2020\/\"\n\t\ttarget=\"_self\"\n\t\t\t>\n\t\tNobeles 2020: un viaje del genoma a los agujeros negros\t<\/a>\n<\/div>\n\n\n<div class=\"tribe-block tribe-block__events-link\">\n\n\t\t\t<div class=\"tribe-block__btn--link tribe-block__events-gcal\">\n\t\t\t<a\n\t\t\t\thref=\"https:\/\/www.google.com\/calendar\/event?action=TEMPLATE&#038;dates=20210211T183000\/20210211T140000&#038;text=Nobeles%202020&#038;trp=false&#038;ctz=UTC&#038;sprop=website:https:\/\/members.ift.uam-csic.es\/ed\"\n\t\t\t\ttarget=\"_blank\"\n\t\t\t\trel=\"noopener noreferrer nofollow\"\n\t\t\t\ttitle=\"Add to Google Calendar\"\n\t\t\t>\n\t\t\t\t<img decoding=\"async\" src=\"https:\/\/members.ift.uam-csic.es\/ed\/wp-content\/plugins\/the-events-calendar\/common\/src\/modules\/icons\/link.svg\" \/>\n\t\t\t\tAdd to Google Calendar\t\t\t<\/a>\n\t\t<\/div>\n\t\n\t\t\t<div class=\"tribe-block__btn--link tribe-block__events-ical\">\n\t\t\t<a\n\t\t\t\thref=\"https:\/\/members.ift.uam-csic.es\/ed\/event\/nobeles-2020\/?ical=1\"\n\t\t\t\trel=\"noopener noreferrer nofollow\"\n\t\t\t\ttitle=\"Add to iCalendar\"\n\t\t\t>\n\t\t\t\t<img decoding=\"async\" src=\"https:\/\/members.ift.uam-csic.es\/ed\/wp-content\/plugins\/the-events-calendar\/common\/src\/modules\/icons\/link.svg\" \/>\n\t\t\t\tAdd to iCalendar\t\t\t<\/a>\n\t\t<\/div>\n\t\n<\/div>\n\n","protected":false},"excerpt":{"rendered":"<p>Nobeles 2020 Un viaje del genoma a los agujeros negros. Con motivo del D\u00eda Internacional de la Mujer y la Ni\u00f1a en la Ciencia los centros del&nbsp;Consejo Superior de Investigaciones [&hellip;]<\/p>\n","protected":false},"author":1,"featured_media":1582,"comment_status":"closed","ping_status":"closed","template":"","meta":{"_EventAllDay":false,"_EventTimezone":"UTC","_EventStartDate":"2021-02-11 18:30:00","_EventEndDate":"2021-02-11 14:00:00","_EventStartDateUTC":"2021-02-11 18:30:00","_EventEndDateUTC":"2021-02-11 14:00:00","_EventShowMap":true,"_EventShowMapLink":true,"_EventURL":"https:\/\/members.ift.uam-csic.es\/ed\/nobeles-2020\/","_EventCost":"","_EventCostDescription":"","_EventCurrencySymbol":"$","_EventCurrencyPosition":"prefix","_EventDateTimeSeparator":" @ ","_EventTimeRangeSeparator":" - ","_EventOrganizerID":[],"_EventVenueID":0,"_OrganizerEmail":"","_OrganizerPhone":"","_OrganizerWebsite":"","_VenueAddress":"","_VenueCity":"","_VenueCountry":"","_VenueProvince":"","_VenueZip":"","_VenuePhone":"","_VenueURL":"","_VenueStateProvince":"","_VenueLat":"","_VenueLng":"","_tribe_events_status":"","_tribe_events_status_reason":"","footnotes":""},"tags":[],"tribe_events_cat":[],"class_list":["post-1689","tribe_events","type-tribe_events","status-publish","has-post-thumbnail","hentry"],"_links":{"self":[{"href":"https:\/\/members.ift.uam-csic.es\/ed\/wp-json\/wp\/v2\/tribe_events\/1689","targetHints":{"allow":["GET"]}}],"collection":[{"href":"https:\/\/members.ift.uam-csic.es\/ed\/wp-json\/wp\/v2\/tribe_events"}],"about":[{"href":"https:\/\/members.ift.uam-csic.es\/ed\/wp-json\/wp\/v2\/types\/tribe_events"}],"author":[{"embeddable":true,"href":"https:\/\/members.ift.uam-csic.es\/ed\/wp-json\/wp\/v2\/users\/1"}],"replies":[{"embeddable":true,"href":"https:\/\/members.ift.uam-csic.es\/ed\/wp-json\/wp\/v2\/comments?post=1689"}],"version-history":[{"count":9,"href":"https:\/\/members.ift.uam-csic.es\/ed\/wp-json\/wp\/v2\/tribe_events\/1689\/revisions"}],"predecessor-version":[{"id":2282,"href":"https:\/\/members.ift.uam-csic.es\/ed\/wp-json\/wp\/v2\/tribe_events\/1689\/revisions\/2282"}],"wp:featuredmedia":[{"embeddable":true,"href":"https:\/\/members.ift.uam-csic.es\/ed\/wp-json\/wp\/v2\/media\/1582"}],"wp:attachment":[{"href":"https:\/\/members.ift.uam-csic.es\/ed\/wp-json\/wp\/v2\/media?parent=1689"}],"wp:term":[{"taxonomy":"post_tag","embeddable":true,"href":"https:\/\/members.ift.uam-csic.es\/ed\/wp-json\/wp\/v2\/tags?post=1689"},{"taxonomy":"tribe_events_cat","embeddable":true,"href":"https:\/\/members.ift.uam-csic.es\/ed\/wp-json\/wp\/v2\/tribe_events_cat?post=1689"}],"curies":[{"name":"wp","href":"https:\/\/api.w.org\/{rel}","templated":true}]}}