{"id":4357,"date":"2022-01-21T17:22:18","date_gmt":"2022-01-21T17:22:18","guid":{"rendered":"https:\/\/members.ift.uam-csic.es\/ed\/?page_id=4357"},"modified":"2022-01-21T17:22:19","modified_gmt":"2022-01-21T17:22:19","slug":"gabriela-gonzalez","status":"publish","type":"page","link":"https:\/\/members.ift.uam-csic.es\/ed\/gabriela-gonzalez\/","title":{"rendered":"Gabriela Gonzalez"},"content":{"rendered":"\n<div class=\"wp-block-nk-awb nk-awb  alignfull is-layout-constrained wp-block-awb-is-layout-constrained\">\t\t\t<style>\n                #foogallery-gallery-4356.fg-simple_portfolio {\n                    justify-content: center;\n                }\n                #foogallery-gallery-4356.fg-simple_portfolio .fg-item {\n                    flex-basis: 300px;\n                    margin: 5px;\n                }\n\t\t\t<\/style>\n\t\t\t<div class=\"foogallery foogallery-container foogallery-simple_portfolio foogallery-lightbox-foobox fg-simple_portfolio fg-transparent fg-border-medium fg-shadow-small fg-loading-default fg-loaded-fade-in fg-hover-scale fg-caption-always fg-hover-fade fg-hover-zoom fg-transparent-overlays fg-ready fg-caption-always\" id=\"foogallery-gallery-4356\" data-foogallery=\"{&quot;item&quot;:{&quot;showCaptionTitle&quot;:true,&quot;showCaptionDescription&quot;:true},&quot;lazy&quot;:true}\" >\n\t<div class=\"fg-item fg-type-image fg-idle\"><figure class=\"fg-item-inner\"><a href=\"https:\/\/members.ift.uam-csic.es\/ed\/wp-content\/uploads\/2022\/01\/GabrielaGonzalez-scaled.jpg\" data-caption-title=\"&lt;a&gt;Gabriela Gonz\u00e1lez y las ondas gravitacionales\n&lt;br&gt;&lt;br&gt; &lt;\/a&gt;&lt;br&gt;&lt;br&gt;IES Ana Frank, Madrid\" data-attachment-id=\"4348\" class=\"foogallery-thumb  fg-thumb\" data-type=\"image\"><span class=\"fg-image-wrap\"><img fetchpriority=\"high\" decoding=\"async\" title=\"&lt;a &quot; style=&quot;color : black;font-style: italic;&quot;&gt;Gabriela Gonz\u00e1lez y las ondas gravitacionales\n&lt;br&gt;&lt;br&gt; &lt;\/a&gt;&lt;br&gt;&lt;h style=&quot;color : white; &quot;&gt;&lt;br&gt;IES Ana Frank, Madrid&lt;\/h&gt;\" class=\"bf-img skip-lazy fg-image\" height=\"200\" width=\"300\" data-src-fg=\"https:\/\/members.ift.uam-csic.es\/ed\/wp-content\/uploads\/cache\/2022\/01\/GabrielaGonzalez-scaled\/2030353137.jpg\" src=\"data:image\/svg+xml,%3Csvg%20xmlns%3D%22http%3A%2F%2Fwww.w3.org%2F2000%2Fsvg%22%20width%3D%22300%22%20height%3D%22200%22%20viewBox%3D%220%200%20300%20200%22%3E%3C%2Fsvg%3E\" loading=\"eager\"><\/span><span class=\"fg-image-overlay\"><\/span><\/a><figcaption class=\"fg-caption\"><div class=\"fg-caption-inner\"><div class=\"fg-caption-title\"><a>Gabriela Gonz\u00e1lez y las ondas gravitacionales\n<br><br> <\/a><br><br>IES Ana Frank, Madrid<\/div><\/div><\/figcaption><\/figure><div class=\"fg-loader\"><\/div><\/div><div class=\"fg-item fg-type-image fg-idle\"><figure class=\"fg-item-inner\"><a href=\"https:\/\/members.ift.uam-csic.es\/ed\/wp-content\/uploads\/2022\/01\/GabrielaGonzalez_Nayelin-Perez.jpg\" data-caption-title=\"&lt;a&gt;Gabriela Gonz\u00e1lez y el sonido de los agujeros negros al chocar &lt;\/a&gt;&lt;br&gt;&lt;br&gt;Nayelin P\u00e9rez&lt;br&gt;IES Francisco. de Quevedo, Madrid\" data-attachment-id=\"4336\" class=\"foogallery-thumb  fg-thumb\" data-type=\"image\"><span class=\"fg-image-wrap\"><img decoding=\"async\" title=\"&lt;a &quot; style=&quot;color : black;font-style: italic;&quot;&gt;Gabriela Gonz\u00e1lez y el sonido de los agujeros negros al chocar &lt;\/a&gt;&lt;br&gt;&lt;br&gt;&lt;h style=&quot;color : white; &quot;&gt;Nayelin P\u00e9rez&lt;br&gt;IES Francisco. de Quevedo, Madrid&lt;\/h&gt;\" class=\"bf-img skip-lazy fg-image\" height=\"200\" width=\"300\" data-src-fg=\"https:\/\/members.ift.uam-csic.es\/ed\/wp-content\/uploads\/cache\/2022\/01\/GabrielaGonzalez_Nayelin-Perez\/1338206142.jpg\" src=\"data:image\/svg+xml,%3Csvg%20xmlns%3D%22http%3A%2F%2Fwww.w3.org%2F2000%2Fsvg%22%20width%3D%22300%22%20height%3D%22200%22%20viewBox%3D%220%200%20300%20200%22%3E%3C%2Fsvg%3E\" loading=\"eager\"><\/span><span class=\"fg-image-overlay\"><\/span><\/a><figcaption class=\"fg-caption\"><div class=\"fg-caption-inner\"><div class=\"fg-caption-title\"><a>Gabriela Gonz\u00e1lez y el sonido de los agujeros negros al chocar <\/a><br><br>Nayelin P\u00e9rez<br>IES Francisco. de Quevedo, Madrid<\/div><\/div><\/figcaption><\/figure><div class=\"fg-loader\"><\/div><\/div><div class=\"fg-item fg-type-image fg-idle\"><figure class=\"fg-item-inner\"><a href=\"https:\/\/members.ift.uam-csic.es\/ed\/wp-content\/uploads\/2022\/01\/GabrielaGozalez_Mara-Albarate.jpg\" data-caption-title=\"&lt;a&gt;Gabriela Gonz\u00e1lez y las ondas gravitacionales&lt;\/a&gt;&lt;br&gt;&lt;br&gt;Mara Albalate&lt;br&gt; CEIP Pablo Picasso, Madrid\" data-attachment-id=\"4311\" class=\"foogallery-thumb  fg-thumb\" data-type=\"image\"><span class=\"fg-image-wrap\"><img decoding=\"async\" title=\"&lt;a &quot; style=&quot;color : black;font-style: italic;&quot;&gt;Gabriela Gonz\u00e1lez y las ondas gravitacionales&lt;\/a&gt;&lt;br&gt;&lt;br&gt;&lt;h style=&quot;color : white; &quot;&gt;Mara Albalate&lt;br&gt; CEIP Pablo Picasso, Madrid&lt;\/h&gt;\" class=\"bf-img skip-lazy fg-image\" height=\"200\" width=\"300\" data-src-fg=\"https:\/\/members.ift.uam-csic.es\/ed\/wp-content\/uploads\/cache\/2022\/01\/GabrielaGozalez_Mara-Albarate\/2261412513.jpg\" src=\"data:image\/svg+xml,%3Csvg%20xmlns%3D%22http%3A%2F%2Fwww.w3.org%2F2000%2Fsvg%22%20width%3D%22300%22%20height%3D%22200%22%20viewBox%3D%220%200%20300%20200%22%3E%3C%2Fsvg%3E\" loading=\"eager\"><\/span><span class=\"fg-image-overlay\"><\/span><\/a><figcaption class=\"fg-caption\"><div class=\"fg-caption-inner\"><div class=\"fg-caption-title\"><a>Gabriela Gonz\u00e1lez y las ondas gravitacionales<\/a><br><br>Mara Albalate<br> CEIP Pablo Picasso, Madrid<\/div><\/div><\/figcaption><\/figure><div class=\"fg-loader\"><\/div><\/div><div class=\"fg-item fg-type-image fg-idle\"><figure class=\"fg-item-inner\"><a href=\"https:\/\/members.ift.uam-csic.es\/ed\/wp-content\/uploads\/2022\/01\/GabrielaGonzalez_Raul-Fernandez.jpg\" data-caption-title=\"&lt;a&gt;Gabriela Gonz\u00e1lez y las ondas gravitacionales&lt;\/a&gt;&lt;br&gt;&lt;br&gt;Ra\u00fal Fern\u00e1ndez&lt;br&gt; CEIP Pablo Picasso, Madrid\" data-attachment-id=\"4299\" class=\"foogallery-thumb  fg-thumb\" data-type=\"image\"><span class=\"fg-image-wrap\"><img decoding=\"async\" title=\"&lt;a &quot; style=&quot;color : black;font-style: italic;&quot;&gt;Gabriela Gonz\u00e1lez y las ondas gravitacionales&lt;\/a&gt;&lt;br&gt;&lt;br&gt;&lt;h style=&quot;color : white; &quot;&gt;Ra\u00fal Fern\u00e1ndez&lt;br&gt; CEIP Pablo Picasso, Madrid&lt;\/h&gt;\" class=\"bf-img skip-lazy fg-image\" height=\"200\" width=\"300\" data-src-fg=\"https:\/\/members.ift.uam-csic.es\/ed\/wp-content\/uploads\/cache\/2022\/01\/GabrielaGonzalez_Raul-Fernandez\/2542489102.jpg\" src=\"data:image\/svg+xml,%3Csvg%20xmlns%3D%22http%3A%2F%2Fwww.w3.org%2F2000%2Fsvg%22%20width%3D%22300%22%20height%3D%22200%22%20viewBox%3D%220%200%20300%20200%22%3E%3C%2Fsvg%3E\" loading=\"eager\"><\/span><span class=\"fg-image-overlay\"><\/span><\/a><figcaption class=\"fg-caption\"><div class=\"fg-caption-inner\"><div class=\"fg-caption-title\"><a>Gabriela Gonz\u00e1lez y las ondas gravitacionales<\/a><br><br>Ra\u00fal Fern\u00e1ndez<br> CEIP Pablo Picasso, Madrid<\/div><\/div><\/figcaption><\/figure><div class=\"fg-loader\"><\/div><\/div><div class=\"fg-item fg-type-image fg-idle\"><figure class=\"fg-item-inner\"><a href=\"https:\/\/members.ift.uam-csic.es\/ed\/wp-content\/uploads\/2022\/01\/GabrielaGonzalez_Paola-Paredes.jpg\" data-caption-title=\"&lt;a&gt;Gabriela Gonz\u00e1lez y las ondas gravitacionales&lt;\/a&gt;&lt;br&gt;&lt;br&gt;Paola Paredes&lt;br&gt; CEIP Pablo Picasso, Madrid\" data-attachment-id=\"4296\" class=\"foogallery-thumb  fg-thumb\" data-type=\"image\"><span class=\"fg-image-wrap\"><img decoding=\"async\" title=\"&lt;a &quot; style=&quot;color : black;font-style: italic;&quot;&gt;Gabriela Gonz\u00e1lez y las ondas gravitacionales&lt;\/a&gt;&lt;br&gt;&lt;br&gt;&lt;h style=&quot;color : white; &quot;&gt;Paola Paredes&lt;br&gt; CEIP Pablo Picasso, Madrid&lt;\/h&gt;\" class=\"bf-img skip-lazy fg-image\" height=\"200\" width=\"300\" data-src-fg=\"https:\/\/members.ift.uam-csic.es\/ed\/wp-content\/uploads\/cache\/2022\/01\/GabrielaGonzalez_Paola-Paredes\/210787622.jpg\" src=\"data:image\/svg+xml,%3Csvg%20xmlns%3D%22http%3A%2F%2Fwww.w3.org%2F2000%2Fsvg%22%20width%3D%22300%22%20height%3D%22200%22%20viewBox%3D%220%200%20300%20200%22%3E%3C%2Fsvg%3E\" loading=\"eager\"><\/span><span class=\"fg-image-overlay\"><\/span><\/a><figcaption class=\"fg-caption\"><div class=\"fg-caption-inner\"><div class=\"fg-caption-title\"><a>Gabriela Gonz\u00e1lez y las ondas gravitacionales<\/a><br><br>Paola Paredes<br> CEIP Pablo Picasso, Madrid<\/div><\/div><\/figcaption><\/figure><div class=\"fg-loader\"><\/div><\/div><div class=\"fg-item fg-type-image fg-idle\"><figure class=\"fg-item-inner\"><a href=\"https:\/\/members.ift.uam-csic.es\/ed\/wp-content\/uploads\/2021\/11\/GabrielaGonzalez_YolandaLucia-.jpg\" data-caption-title=\"&lt;a&gt; Gabriela Gonz\u00e1lez y las ondas gravitacionales&lt;\/a&gt;&lt;br&gt;&lt;br&gt;Yolanda Gonz\u00e1lez y Luc\u00eda Rodrigo&lt;br&gt;IES Sixto Marco, Elche\" data-attachment-id=\"4256\" class=\"foogallery-thumb  fg-thumb\" data-type=\"image\"><span class=\"fg-image-wrap\"><img decoding=\"async\" title=\"&lt;a href=https:\/\/members.ift.uam-csic.es\/ed\/wp-content\/uploads\/2021\/11\/GabrielaGonzalez_YolandaLucia-.jpg&quot; style=&quot;color : black;font-style: italic;&quot;&gt; Gabriela Gonz\u00e1lez y las ondas gravitacionales&lt;\/a&gt;&lt;br&gt;&lt;br&gt;&lt;h style=&quot;color : white; &quot;&gt;Yolanda Gonz\u00e1lez y Luc\u00eda Rodrigo&lt;br&gt;IES Sixto Marco, Elche&lt;\/h&gt;\" class=\"bf-img skip-lazy fg-image\" height=\"200\" width=\"300\" data-src-fg=\"https:\/\/members.ift.uam-csic.es\/ed\/wp-content\/uploads\/cache\/2021\/11\/GabrielaGonzalez_YolandaLucia-\/2530207862.jpg\" src=\"data:image\/svg+xml,%3Csvg%20xmlns%3D%22http%3A%2F%2Fwww.w3.org%2F2000%2Fsvg%22%20width%3D%22300%22%20height%3D%22200%22%20viewBox%3D%220%200%20300%20200%22%3E%3C%2Fsvg%3E\" loading=\"eager\"><\/span><span class=\"fg-image-overlay\"><\/span><\/a><figcaption class=\"fg-caption\"><div class=\"fg-caption-inner\"><div class=\"fg-caption-title\"><a> Gabriela Gonz\u00e1lez y las ondas gravitacionales<\/a><br><br>Yolanda Gonz\u00e1lez y Luc\u00eda Rodrigo<br>IES Sixto Marco, Elche<\/div><\/div><\/figcaption><\/figure><div class=\"fg-loader\"><\/div><\/div><div class=\"fg-item fg-type-image fg-idle\"><figure class=\"fg-item-inner\"><a href=\"https:\/\/members.ift.uam-csic.es\/ed\/wp-content\/uploads\/2021\/11\/GabrielaGonzalez_Mirasierra.jpg\" data-caption-title=\"&lt;a&gt; Gabriela Gonz\u00e1lez y las ondas gravitacionales&lt;\/a&gt;&lt;br&gt;&lt;br&gt; Eva D. &lt;br&gt;IES Mirasierra, Madrid\" data-attachment-id=\"4240\" class=\"foogallery-thumb  fg-thumb\" data-type=\"image\"><span class=\"fg-image-wrap\"><img decoding=\"async\" title=\"&lt;a href=https:\/\/members.ift.uam-csic.es\/ed\/wp-content\/uploads\/2021\/11\/2-BACH.-Eva-D.-Gabriela-Gonzalez.mp4&quot; style=&quot;color : black;font-style: italic;&quot;&gt; Gabriela Gonz\u00e1lez y las ondas gravitacionales&lt;\/a&gt;&lt;br&gt;&lt;br&gt;&lt;h style=&quot;color : white; &quot;&gt; Eva D. &lt;br&gt;IES Mirasierra, Madrid&lt;\/h&gt;\" class=\"bf-img skip-lazy fg-image\" height=\"200\" width=\"300\" data-src-fg=\"https:\/\/members.ift.uam-csic.es\/ed\/wp-content\/uploads\/cache\/2021\/11\/GabrielaGonzalez_Mirasierra\/921934033.jpg\" src=\"data:image\/svg+xml,%3Csvg%20xmlns%3D%22http%3A%2F%2Fwww.w3.org%2F2000%2Fsvg%22%20width%3D%22300%22%20height%3D%22200%22%20viewBox%3D%220%200%20300%20200%22%3E%3C%2Fsvg%3E\" loading=\"eager\"><\/span><span class=\"fg-image-overlay\"><\/span><\/a><figcaption class=\"fg-caption\"><div class=\"fg-caption-inner\"><div class=\"fg-caption-title\"><a> Gabriela Gonz\u00e1lez y las ondas gravitacionales<\/a><br><br> Eva D. <br>IES Mirasierra, Madrid<\/div><\/div><\/figcaption><\/figure><div class=\"fg-loader\"><\/div><\/div><div class=\"fg-item fg-type-image fg-idle\"><figure class=\"fg-item-inner\"><a href=\"https:\/\/members.ift.uam-csic.es\/ed\/wp-content\/uploads\/2021\/11\/2-BACH.-Alvaro-B.-Gabriela-Gonzalez-scaled.jpg\" data-caption-title=\"&lt;a&gt; Gabriela Gonz\u00e1lez y las ondas gravitacionales&lt;\/a&gt;&lt;br&gt;&lt;br&gt;   \u00c1lvaro B. &lt;br&gt;IES Mirasierra, Madrid\" data-attachment-id=\"4236\" class=\"foogallery-thumb  fg-thumb\" data-type=\"image\"><span class=\"fg-image-wrap\"><img decoding=\"async\" title=\"&lt;a href=https:\/\/members.ift.uam-csic.es\/ed\/wp-content\/uploads\/2021\/11\/2-BACH.-Alvaro-B.-Gabriela-Gonzalez-scaled.jpg&quot; style=&quot;color : black;font-style: italic;&quot;&gt; Gabriela Gonz\u00e1lez y las ondas gravitacionales&lt;\/a&gt;&lt;br&gt;&lt;br&gt;&lt;h style=&quot;color : white; &quot;&gt;   \u00c1lvaro B. &lt;br&gt;IES Mirasierra, Madrid&lt;\/h&gt;\" class=\"bf-img skip-lazy fg-image\" height=\"200\" width=\"300\" data-src-fg=\"https:\/\/members.ift.uam-csic.es\/ed\/wp-content\/uploads\/cache\/2021\/11\/2-BACH_-Alvaro-B_-Gabriela-Gonzalez-scaled\/2255957674.jpg\" src=\"data:image\/svg+xml,%3Csvg%20xmlns%3D%22http%3A%2F%2Fwww.w3.org%2F2000%2Fsvg%22%20width%3D%22300%22%20height%3D%22200%22%20viewBox%3D%220%200%20300%20200%22%3E%3C%2Fsvg%3E\" loading=\"eager\"><\/span><span class=\"fg-image-overlay\"><\/span><\/a><figcaption class=\"fg-caption\"><div class=\"fg-caption-inner\"><div class=\"fg-caption-title\"><a> Gabriela Gonz\u00e1lez y las ondas gravitacionales<\/a><br><br>   \u00c1lvaro B. <br>IES Mirasierra, Madrid<\/div><\/div><\/figcaption><\/figure><div class=\"fg-loader\"><\/div><\/div><div class=\"fg-item fg-type-image fg-idle\"><figure class=\"fg-item-inner\"><a href=\"https:\/\/members.ift.uam-csic.es\/ed\/wp-content\/uploads\/2021\/11\/GabrielaGonzalez_MayteCastillo.jpg\" data-caption-title=\"&lt;a href=&quot;https:\/\/members.ift.uam-csic.es\/ed\/wp-content\/uploads\/2022\/01\/GabrielaGonzalez_MayteCastillo.pdf&quot; style=&quot;color : black;font-style: italic&quot;&gt;Gabriela Gonz\u00e1lez y las ondas gravitacionales&lt;\/a&gt;&lt;br&gt;&lt;br&gt;Mayte Castillo Alarc\u00f3n&lt;br&gt;M\u00e9xico\" data-attachment-id=\"4094\" class=\"foogallery-thumb  fg-thumb\" data-type=\"image\"><span class=\"fg-image-wrap\"><img decoding=\"async\" title=\"&lt;a href=&quot;https:\/\/members.ift.uam-csic.es\/ed\/wp-content\/uploads\/2022\/01\/GabrielaGonzalez_MayteCastillo.pdf&quot; style=&quot;color : black;font-style: italic;&quot;&gt;Gabriela Gonz\u00e1lez y las ondas gravitacionales&lt;\/a&gt;&lt;br&gt;&lt;br&gt;&lt;h style=&quot;color : white; &quot;&gt;Mayte Castillo Alarc\u00f3n&lt;br&gt;M\u00e9xico&lt;\/h&gt;\" class=\"bf-img skip-lazy fg-image\" height=\"200\" width=\"300\" data-src-fg=\"https:\/\/members.ift.uam-csic.es\/ed\/wp-content\/uploads\/cache\/2021\/11\/GabrielaGonzalez_MayteCastillo\/1464195566.jpg\" src=\"data:image\/svg+xml,%3Csvg%20xmlns%3D%22http%3A%2F%2Fwww.w3.org%2F2000%2Fsvg%22%20width%3D%22300%22%20height%3D%22200%22%20viewBox%3D%220%200%20300%20200%22%3E%3C%2Fsvg%3E\" loading=\"eager\"><\/span><span class=\"fg-image-overlay\"><\/span><\/a><figcaption class=\"fg-caption\"><div class=\"fg-caption-inner\"><div class=\"fg-caption-title\"><a href=\"https:\/\/members.ift.uam-csic.es\/ed\/wp-content\/uploads\/2022\/01\/GabrielaGonzalez_MayteCastillo.pdf\" style=\"color : black;font-style: italic\">Gabriela Gonz\u00e1lez y las ondas gravitacionales<\/a><br><br>Mayte Castillo Alarc\u00f3n<br>M\u00e9xico<\/div><\/div><\/figcaption><\/figure><div class=\"fg-loader\"><\/div><\/div><div class=\"fg-item fg-type-image fg-idle\"><figure class=\"fg-item-inner\"><a href=\"https:\/\/members.ift.uam-csic.es\/ed\/wp-content\/uploads\/2021\/11\/Gabriela-Gonzalez_GabrielaLista.jpg\" data-caption-title=\"&lt;a href=&quot;https:\/\/members.ift.uam-csic.es\/ed\/wp-content\/uploads\/2021\/11\/Gabriela-Gonzalez_GabrielaLista.jpg&quot; style=&quot;color : black;font-style: italic&quot;&gt;Gabriela Gonz\u00e1lez y las ondas gravitacionales&lt;\/a&gt;&lt;br&gt;&lt;br&gt;Gabriela P\u00e9rez Lista&lt;br&gt;Venezuela\" data-attachment-id=\"4082\" class=\"foogallery-thumb  fg-thumb\" data-type=\"image\"><span class=\"fg-image-wrap\"><img decoding=\"async\" title=\"&lt;a href=&quot;https:\/\/members.ift.uam-csic.es\/ed\/wp-content\/uploads\/2021\/11\/Gabriela-Gonzalez_GabrielaLista.jpg&quot; style=&quot;color : black;font-style: italic;&quot;&gt;Gabriela Gonz\u00e1lez y las ondas gravitacionales&lt;\/a&gt;&lt;br&gt;&lt;br&gt;&lt;h style=&quot;color : white; &quot;&gt;Gabriela P\u00e9rez Lista&lt;br&gt;Venezuela&lt;\/h&gt;\" class=\"bf-img skip-lazy fg-image\" height=\"200\" width=\"300\" data-src-fg=\"https:\/\/members.ift.uam-csic.es\/ed\/wp-content\/uploads\/cache\/2021\/11\/Gabriela-Gonzalez_GabrielaLista\/2319428458.jpg\" src=\"data:image\/svg+xml,%3Csvg%20xmlns%3D%22http%3A%2F%2Fwww.w3.org%2F2000%2Fsvg%22%20width%3D%22300%22%20height%3D%22200%22%20viewBox%3D%220%200%20300%20200%22%3E%3C%2Fsvg%3E\" loading=\"eager\"><\/span><span class=\"fg-image-overlay\"><\/span><\/a><figcaption class=\"fg-caption\"><div class=\"fg-caption-inner\"><div class=\"fg-caption-title\"><a href=\"https:\/\/members.ift.uam-csic.es\/ed\/wp-content\/uploads\/2021\/11\/Gabriela-Gonzalez_GabrielaLista.jpg\" style=\"color : black;font-style: italic\">Gabriela Gonz\u00e1lez y las ondas gravitacionales<\/a><br><br>Gabriela P\u00e9rez Lista<br>Venezuela<\/div><\/div><\/figcaption><\/figure><div class=\"fg-loader\"><\/div><\/div><div class=\"fg-item fg-type-image fg-idle\"><figure class=\"fg-item-inner\"><a href=\"https:\/\/members.ift.uam-csic.es\/ed\/wp-content\/uploads\/2022\/01\/GabrielaGonzalez_Paola-Palacios-Jurje-scaled.jpg\" data-caption-title=\"&lt;a href=&quot;https:\/\/members.ift.uam-csic.es\/ed\/wp-content\/uploads\/2022\/01\/GabrielaGonzalez_Paola-Palacios-Jurje-3.pdf&quot; style=&quot;color : black;font-style: italic&quot;&gt; Gabriela Gonz\u00e1lez y las ondas gravitacionales&lt;br&gt; (click aqu\u00ed para el c\u00f3mic completo)&lt;\/a&gt;&lt;br&gt;&lt;br&gt;Paola Palacios Jurje&lt;br&gt;IES Alpajes, Aranjuez\" data-attachment-id=\"4413\" class=\"foogallery-thumb  fg-thumb\" data-type=\"image\"><span class=\"fg-image-wrap\"><img decoding=\"async\" title=\"&lt;a href=&quot;https:\/\/members.ift.uam-csic.es\/ed\/wp-content\/uploads\/2022\/01\/GabrielaGonzalez_Paola-Palacios-Jurje-3.pdf&quot; style=&quot;color : black;font-style: italic;&quot;&gt; Gabriela Gonz\u00e1lez y las ondas gravitacionales&lt;br&gt; (click aqu\u00ed para el c\u00f3mic completo)&lt;\/a&gt;&lt;br&gt;&lt;br&gt;&lt;h style=&quot;color : white; &quot;&gt;Paola Palacios Jurje&lt;br&gt;IES Alpajes, Aranjuez&lt;\/h&gt;\" class=\"bf-img skip-lazy fg-image\" height=\"200\" width=\"300\" data-src-fg=\"https:\/\/members.ift.uam-csic.es\/ed\/wp-content\/uploads\/cache\/2022\/01\/GabrielaGonzalez_Paola-Palacios-Jurje-scaled\/876302248.jpg\" src=\"data:image\/svg+xml,%3Csvg%20xmlns%3D%22http%3A%2F%2Fwww.w3.org%2F2000%2Fsvg%22%20width%3D%22300%22%20height%3D%22200%22%20viewBox%3D%220%200%20300%20200%22%3E%3C%2Fsvg%3E\" loading=\"eager\"><\/span><span class=\"fg-image-overlay\"><\/span><\/a><figcaption class=\"fg-caption\"><div class=\"fg-caption-inner\"><div class=\"fg-caption-title\"><a href=\"https:\/\/members.ift.uam-csic.es\/ed\/wp-content\/uploads\/2022\/01\/GabrielaGonzalez_Paola-Palacios-Jurje-3.pdf\" style=\"color : black;font-style: italic\"> Gabriela Gonz\u00e1lez y las ondas gravitacionales<br> (click aqu\u00ed para el c\u00f3mic completo)<\/a><br><br>Paola Palacios Jurje<br>IES Alpajes, Aranjuez<\/div><\/div><\/figcaption><\/figure><div class=\"fg-loader\"><\/div><\/div><div class=\"fg-item fg-type-image fg-idle\"><figure class=\"fg-item-inner\"><a href=\"https:\/\/members.ift.uam-csic.es\/ed\/wp-content\/uploads\/2022\/01\/GabrielaGonzalez_-Samuel-Moreno-del-Nuevo-y-Lucas-Aguado-Longares-scaled.jpg\" data-caption-title=\"&lt;a style=&quot;color : black;font-style: italic&quot;&gt; Gabriela Gonz\u00e1lez y las ondas gravitacionales&lt;\/a&gt;&lt;br&gt;&lt;br&gt;Samuel Moreno del Nuevo y Lucas Aguado Longares &lt;br&gt;IES Alpajes, Aranjuez\" data-attachment-id=\"4412\" class=\"foogallery-thumb  fg-thumb\" data-type=\"image\"><span class=\"fg-image-wrap\"><img decoding=\"async\" title=\"&lt;a  style=&quot;color : black;font-style: italic;&quot;&gt; Gabriela Gonz\u00e1lez y las ondas gravitacionales&lt;\/a&gt;&lt;br&gt;&lt;br&gt;&lt;h style=&quot;color : white; &quot;&gt;Samuel Moreno del Nuevo y Lucas Aguado Longares &lt;br&gt;IES Alpajes, Aranjuez&lt;\/h&gt;\" class=\"bf-img skip-lazy fg-image\" height=\"200\" width=\"300\" data-src-fg=\"https:\/\/members.ift.uam-csic.es\/ed\/wp-content\/uploads\/cache\/2022\/01\/GabrielaGonzalez_-Samuel-Moreno-del-Nuevo-y-Lucas-Aguado-Longares-scaled\/973856241.jpg\" src=\"data:image\/svg+xml,%3Csvg%20xmlns%3D%22http%3A%2F%2Fwww.w3.org%2F2000%2Fsvg%22%20width%3D%22300%22%20height%3D%22200%22%20viewBox%3D%220%200%20300%20200%22%3E%3C%2Fsvg%3E\" loading=\"eager\"><\/span><span class=\"fg-image-overlay\"><\/span><\/a><figcaption class=\"fg-caption\"><div class=\"fg-caption-inner\"><div class=\"fg-caption-title\"><a style=\"color : black;font-style: italic\"> Gabriela Gonz\u00e1lez y las ondas gravitacionales<\/a><br><br>Samuel Moreno del Nuevo y Lucas Aguado Longares <br>IES Alpajes, Aranjuez<\/div><\/div><\/figcaption><\/figure><div class=\"fg-loader\"><\/div><\/div><div class=\"fg-item fg-type-image fg-idle\"><figure class=\"fg-item-inner\"><a href=\"https:\/\/members.ift.uam-csic.es\/ed\/wp-content\/uploads\/2022\/01\/GabrielaGonzalez-1.jpg\" data-caption-title=\"&lt;a&gt;Gabriela Gonz\u00e1lez y las ondas gravitacionales\n &lt;\/a&gt;&lt;br&gt;&lt;br&gt; Silvia, Ana, Mario, Sandra, Ana y Sergio\n&lt;br&gt;  IES M\u00aa Zambrano, Alc\u00e1zar de San Juan,  Ciudad Real\" data-attachment-id=\"4438\" class=\"foogallery-thumb  fg-thumb\" data-type=\"image\"><span class=\"fg-image-wrap\"><img decoding=\"async\" title=\"&lt;a &quot; style=&quot;color : black;font-style: italic;&quot;&gt;Gabriela Gonz\u00e1lez y las ondas gravitacionales\n &lt;\/a&gt;&lt;br&gt;&lt;br&gt;&lt;h style=&quot;color : white; &quot;&gt; Silvia, Ana, Mario, Sandra, Ana y Sergio\n&lt;br&gt;  IES M\u00aa Zambrano, Alc\u00e1zar de San Juan,  Ciudad Real&lt;\/h&gt;\" class=\"bf-img skip-lazy fg-image\" height=\"200\" width=\"300\" data-src-fg=\"https:\/\/members.ift.uam-csic.es\/ed\/wp-content\/uploads\/cache\/2022\/01\/GabrielaGonzalez-1\/1770400530.jpg\" src=\"data:image\/svg+xml,%3Csvg%20xmlns%3D%22http%3A%2F%2Fwww.w3.org%2F2000%2Fsvg%22%20width%3D%22300%22%20height%3D%22200%22%20viewBox%3D%220%200%20300%20200%22%3E%3C%2Fsvg%3E\" loading=\"eager\"><\/span><span class=\"fg-image-overlay\"><\/span><\/a><figcaption class=\"fg-caption\"><div class=\"fg-caption-inner\"><div class=\"fg-caption-title\"><a>Gabriela Gonz\u00e1lez y las ondas gravitacionales\n <\/a><br><br> Silvia, Ana, Mario, Sandra, Ana y Sergio\n<br>  IES M\u00aa Zambrano, Alc\u00e1zar de San Juan,  Ciudad Real<\/div><\/div><\/figcaption><\/figure><div class=\"fg-loader\"><\/div><\/div><div class=\"fg-item fg-type-image fg-idle\"><figure class=\"fg-item-inner\"><a href=\"https:\/\/members.ift.uam-csic.es\/ed\/wp-content\/uploads\/2022\/01\/Gabriela-Gonzalez-1.png\" data-caption-title=\"&lt;a&gt;\n Gabriela Gonz\u00e1lez y las ondas gravitacionales&lt;\/a&gt;&lt;br&gt;&lt;br&gt; &lt;br&gt;  IES Alto Jarama de Torrelaguna, Madrid \" data-attachment-id=\"4523\" class=\"foogallery-thumb  fg-thumb\" data-type=\"image\"><span class=\"fg-image-wrap\"><img decoding=\"async\" title=\"&lt;a &quot; style=&quot;color : black;font-style: italic;&quot;&gt;\n Gabriela Gonz\u00e1lez y las ondas gravitacionales&lt;\/a&gt;&lt;br&gt;&lt;br&gt;&lt;h style=&quot;color : white; &quot;&gt; &lt;br&gt;  IES Alto Jarama de Torrelaguna, Madrid &lt;\/h&gt;\" class=\"bf-img skip-lazy fg-image\" height=\"200\" width=\"300\" data-src-fg=\"https:\/\/members.ift.uam-csic.es\/ed\/wp-content\/uploads\/cache\/2022\/01\/Gabriela-Gonzalez-1\/3807333875.png\" src=\"data:image\/svg+xml,%3Csvg%20xmlns%3D%22http%3A%2F%2Fwww.w3.org%2F2000%2Fsvg%22%20width%3D%22300%22%20height%3D%22200%22%20viewBox%3D%220%200%20300%20200%22%3E%3C%2Fsvg%3E\" loading=\"eager\"><\/span><span class=\"fg-image-overlay\"><\/span><\/a><figcaption class=\"fg-caption\"><div class=\"fg-caption-inner\"><div class=\"fg-caption-title\"><a>\n Gabriela Gonz\u00e1lez y las ondas gravitacionales<\/a><br><br> <br>  IES Alto Jarama de Torrelaguna, Madrid <\/div><\/div><\/figcaption><\/figure><div class=\"fg-loader\"><\/div><\/div><div class=\"fg-item fg-type-image fg-idle\"><figure class=\"fg-item-inner\"><a href=\"https:\/\/members.ift.uam-csic.es\/ed\/wp-content\/uploads\/2022\/01\/Gabriela-Gonzalez-rotated.jpg\" data-caption-title=\"&lt;a&gt;\n Gabriela Gonz\u00e1lez y las ondas gravitacionales&lt;\/a&gt;&lt;br&gt;&lt;br&gt; &lt;br&gt;  IES Alto Jarama de Torrelaguna, Madrid \" data-attachment-id=\"4480\" class=\"foogallery-thumb  fg-thumb\" data-type=\"image\"><span class=\"fg-image-wrap\"><img decoding=\"async\" title=\"&lt;a &quot; style=&quot;color : black;font-style: italic;&quot;&gt;\n Gabriela Gonz\u00e1lez y las ondas gravitacionales&lt;\/a&gt;&lt;br&gt;&lt;br&gt;&lt;h style=&quot;color : white; &quot;&gt; &lt;br&gt;  IES Alto Jarama de Torrelaguna, Madrid &lt;\/h&gt;\" class=\"bf-img skip-lazy fg-image\" height=\"200\" width=\"300\" data-src-fg=\"https:\/\/members.ift.uam-csic.es\/ed\/wp-content\/uploads\/cache\/2022\/01\/Gabriela-Gonzalez-rotated\/162744026.jpg\" src=\"data:image\/svg+xml,%3Csvg%20xmlns%3D%22http%3A%2F%2Fwww.w3.org%2F2000%2Fsvg%22%20width%3D%22300%22%20height%3D%22200%22%20viewBox%3D%220%200%20300%20200%22%3E%3C%2Fsvg%3E\" loading=\"eager\"><\/span><span class=\"fg-image-overlay\"><\/span><\/a><figcaption class=\"fg-caption\"><div class=\"fg-caption-inner\"><div class=\"fg-caption-title\"><a>\n Gabriela Gonz\u00e1lez y las ondas gravitacionales<\/a><br><br> <br>  IES Alto Jarama de Torrelaguna, Madrid <\/div><\/div><\/figcaption><\/figure><div class=\"fg-loader\"><\/div><\/div><div class=\"fg-item fg-type-image fg-idle\"><figure class=\"fg-item-inner\"><a href=\"https:\/\/members.ift.uam-csic.es\/ed\/wp-content\/uploads\/2021\/11\/Daniel-Martin-Diego-Navarro-y-Paco-Stepien.jpg\" data-caption-title=\"&lt;a href=&quot;https:\/\/members.ift.uam-csic.es\/ed\/wp-content\/uploads\/2021\/11\/Daniel-Martin-Diego-Navarro-y-Paco-Stepien.jpg&quot; style=&quot;color : black;font-style: italic&quot;&gt;Gabriela Gonz\u00e1lez y la relatividad general&lt;\/a&gt;&lt;br&gt;&lt;br&gt;Daniel Martin, Diego Navarro y Paco Stepien&lt;br&gt;IES Valdebernardo, Madrid\" data-attachment-id=\"4144\" class=\"foogallery-thumb  fg-thumb\" data-type=\"image\"><span class=\"fg-image-wrap\"><img decoding=\"async\" title=\"&lt;a href=&quot;https:\/\/members.ift.uam-csic.es\/ed\/wp-content\/uploads\/2021\/11\/Daniel-Martin-Diego-Navarro-y-Paco-Stepien.jpg&quot; style=&quot;color : black;font-style: italic;&quot;&gt;Gabriela Gonz\u00e1lez y la relatividad general&lt;\/a&gt;&lt;br&gt;&lt;br&gt;&lt;h style=&quot;color : white; &quot;&gt;Daniel Martin, Diego Navarro y Paco Stepien&lt;br&gt;IES Valdebernardo, Madrid&lt;\/h&gt;\" class=\"bf-img skip-lazy fg-image\" height=\"200\" width=\"300\" data-src-fg=\"https:\/\/members.ift.uam-csic.es\/ed\/wp-content\/uploads\/cache\/2021\/11\/Daniel-Martin-Diego-Navarro-y-Paco-Stepien\/795331602.jpg\" src=\"data:image\/svg+xml,%3Csvg%20xmlns%3D%22http%3A%2F%2Fwww.w3.org%2F2000%2Fsvg%22%20width%3D%22300%22%20height%3D%22200%22%20viewBox%3D%220%200%20300%20200%22%3E%3C%2Fsvg%3E\" loading=\"eager\"><\/span><span class=\"fg-image-overlay\"><\/span><\/a><figcaption class=\"fg-caption\"><div class=\"fg-caption-inner\"><div class=\"fg-caption-title\"><a href=\"https:\/\/members.ift.uam-csic.es\/ed\/wp-content\/uploads\/2021\/11\/Daniel-Martin-Diego-Navarro-y-Paco-Stepien.jpg\" style=\"color : black;font-style: italic\">Gabriela Gonz\u00e1lez y la relatividad general<\/a><br><br>Daniel Martin, Diego Navarro y Paco Stepien<br>IES Valdebernardo, Madrid<\/div><\/div><\/figcaption><\/figure><div class=\"fg-loader\"><\/div><\/div><div class=\"fg-item fg-type-image fg-idle\"><figure class=\"fg-item-inner\"><a href=\"https:\/\/members.ift.uam-csic.es\/ed\/wp-content\/uploads\/2022\/01\/GabrielaGonzalez_EstherMatesanz-LidiaPique.jpg\" data-caption-title=\"&lt;a&gt;\n Gabriela Gonz\u00e1lez y el sonido de los agujeros negros&lt;\/a&gt;&lt;br&gt;&lt;br&gt; Esther Matesanz y Lidia Piqu\u00e9&lt;br&gt;  IES Sierra de Guadarrama, Soto del Real\" data-attachment-id=\"4542\" class=\"foogallery-thumb  fg-thumb\" data-type=\"image\"><span class=\"fg-image-wrap\"><img decoding=\"async\" title=\"&lt;a &quot; style=&quot;color : black;font-style: italic;&quot;&gt;\n Gabriela Gonz\u00e1lez y el sonido de los agujeros negros&lt;\/a&gt;&lt;br&gt;&lt;br&gt;&lt;h style=&quot;color : white; &quot;&gt; Esther Matesanz y Lidia Piqu\u00e9&lt;br&gt;  IES Sierra de Guadarrama, Soto del Real&lt;\/h&gt;\" class=\"bf-img skip-lazy fg-image\" height=\"200\" width=\"300\" data-src-fg=\"https:\/\/members.ift.uam-csic.es\/ed\/wp-content\/uploads\/cache\/2022\/01\/GabrielaGonzalez_EstherMatesanz-LidiaPique\/1699529258.jpg\" src=\"data:image\/svg+xml,%3Csvg%20xmlns%3D%22http%3A%2F%2Fwww.w3.org%2F2000%2Fsvg%22%20width%3D%22300%22%20height%3D%22200%22%20viewBox%3D%220%200%20300%20200%22%3E%3C%2Fsvg%3E\" loading=\"eager\"><\/span><span class=\"fg-image-overlay\"><\/span><\/a><figcaption class=\"fg-caption\"><div class=\"fg-caption-inner\"><div class=\"fg-caption-title\"><a>\n Gabriela Gonz\u00e1lez y el sonido de los agujeros negros<\/a><br><br> Esther Matesanz y Lidia Piqu\u00e9<br>  IES Sierra de Guadarrama, Soto del Real<\/div><\/div><\/figcaption><\/figure><div class=\"fg-loader\"><\/div><\/div><div class=\"fg-item fg-type-image fg-idle\"><figure class=\"fg-item-inner\"><a href=\"https:\/\/members.ift.uam-csic.es\/ed\/wp-content\/uploads\/2022\/01\/GabrielaGonzalez_IESEscultorDaniel.jpg\" data-caption-title=\"&lt;a&gt;\nGabriela Gonz\u00e1lez y las ondas gravitacionales&lt;\/a&gt; &lt;br&gt;&lt;br&gt;Alba y Carmen &lt;br&gt;IES Escultor Daniel, Logro\u00f1o\" data-attachment-id=\"4564\" class=\"foogallery-thumb  fg-thumb\" data-type=\"image\"><span class=\"fg-image-wrap\"><img decoding=\"async\" title=\"&lt;a &quot; style=&quot;color : black;font-style: italic;&quot;&gt;\nGabriela Gonz\u00e1lez y las ondas gravitacionales&lt;\/a&gt; &lt;br&gt;&lt;br&gt;&lt;h style=&quot;color : white; &quot;&gt;Alba y Carmen &lt;br&gt;IES Escultor Daniel, Logro\u00f1o&lt;\/h&gt;\" class=\"bf-img skip-lazy fg-image\" height=\"200\" width=\"300\" data-src-fg=\"https:\/\/members.ift.uam-csic.es\/ed\/wp-content\/uploads\/cache\/2022\/01\/GabrielaGonzalez_IESEscultorDaniel\/1819445090.jpg\" src=\"data:image\/svg+xml,%3Csvg%20xmlns%3D%22http%3A%2F%2Fwww.w3.org%2F2000%2Fsvg%22%20width%3D%22300%22%20height%3D%22200%22%20viewBox%3D%220%200%20300%20200%22%3E%3C%2Fsvg%3E\" loading=\"eager\"><\/span><span class=\"fg-image-overlay\"><\/span><\/a><figcaption class=\"fg-caption\"><div class=\"fg-caption-inner\"><div class=\"fg-caption-title\"><a>\nGabriela Gonz\u00e1lez y las ondas gravitacionales<\/a> <br><br>Alba y Carmen <br>IES Escultor Daniel, Logro\u00f1o<\/div><\/div><\/figcaption><\/figure><div class=\"fg-loader\"><\/div><\/div><\/div><\/div>\n","protected":false},"excerpt":{"rendered":"","protected":false},"author":1,"featured_media":0,"parent":0,"menu_order":0,"comment_status":"closed","ping_status":"closed","template":"","meta":{"_EventAllDay":false,"_EventTimezone":"","_EventStartDate":"","_EventEndDate":"","_EventStartDateUTC":"","_EventEndDateUTC":"","_EventShowMap":false,"_EventShowMapLink":false,"_EventURL":"","_EventCost":"","_EventCostDescription":"","_EventCurrencySymbol":"","_EventCurrencyPosition":"","_EventDateTimeSeparator":"","_EventTimeRangeSeparator":"","_EventOrganizerID":[],"_EventVenueID":0,"_OrganizerEmail":"","_OrganizerPhone":"","_OrganizerWebsite":"","_VenueAddress":"","_VenueCity":"","_VenueCountry":"","_VenueProvince":"","_VenueZip":"","_VenuePhone":"","_VenueURL":"","_VenueStateProvince":"","_VenueLat":"","_VenueLng":"","footnotes":""},"class_list":["post-4357","page","type-page","status-publish","hentry"],"_links":{"self":[{"href":"https:\/\/members.ift.uam-csic.es\/ed\/wp-json\/wp\/v2\/pages\/4357","targetHints":{"allow":["GET"]}}],"collection":[{"href":"https:\/\/members.ift.uam-csic.es\/ed\/wp-json\/wp\/v2\/pages"}],"about":[{"href":"https:\/\/members.ift.uam-csic.es\/ed\/wp-json\/wp\/v2\/types\/page"}],"author":[{"embeddable":true,"href":"https:\/\/members.ift.uam-csic.es\/ed\/wp-json\/wp\/v2\/users\/1"}],"replies":[{"embeddable":true,"href":"https:\/\/members.ift.uam-csic.es\/ed\/wp-json\/wp\/v2\/comments?post=4357"}],"version-history":[{"count":2,"href":"https:\/\/members.ift.uam-csic.es\/ed\/wp-json\/wp\/v2\/pages\/4357\/revisions"}],"predecessor-version":[{"id":4359,"href":"https:\/\/members.ift.uam-csic.es\/ed\/wp-json\/wp\/v2\/pages\/4357\/revisions\/4359"}],"wp:attachment":[{"href":"https:\/\/members.ift.uam-csic.es\/ed\/wp-json\/wp\/v2\/media?parent=4357"}],"curies":[{"name":"wp","href":"https:\/\/api.w.org\/{rel}","templated":true}]}}